{"id":7603,"date":"2021-07-25T10:34:39","date_gmt":"2021-07-25T08:34:39","guid":{"rendered":"https:\/\/somosdelprieto.com\/?page_id=7603"},"modified":"2023-05-25T22:45:45","modified_gmt":"2023-05-25T20:45:45","slug":"organizacion-de-bachillerato","status":"publish","type":"page","link":"https:\/\/somosdelprieto.com\/index.php\/estudios\/bachillerato\/organizacion-de-bachillerato\/","title":{"rendered":"ORGANIZACI\u00d3N DE BACHILLERATO"},"content":{"rendered":"\n<figure class=\"wp-block-image\" id=\"block-c34d63bd-a33d-4851-a8d1-e3f2e64c5d5d\"><img decoding=\"async\" src=\"https:\/\/somosdelprieto.com\/wp-content\/uploads\/2020\/05\/tecnologico.png\" alt=\"La imagen tiene un atributo ALT vac\u00edo; su nombre de archivo es tecnologico.png\"\/><figcaption>Ciencias<\/figcaption><\/figure>\n\n\n\n<figure class=\"wp-block-image size-large\" id=\"block-4cd6da1f-7307-47cb-bd99-bf12f4143f91\"><img loading=\"lazy\" decoding=\"async\" width=\"133\" height=\"79\" src=\"https:\/\/somosdelprieto.com\/wp-content\/uploads\/2021\/07\/image-1.png\" alt=\"\" class=\"wp-image-7658\"\/><figcaption>Biling\u00fce<\/figcaption><\/figure>\n\n\n\n<figure class=\"wp-block-image\" id=\"block-2682df1d-5963-4379-9308-3a06eae0b36b\"><img decoding=\"async\" src=\"https:\/\/somosdelprieto.com\/wp-content\/uploads\/2020\/05\/humanidades-2.png\" alt=\"La imagen tiene un atributo ALT vac\u00edo; su nombre de archivo es humanidades-2.png\"\/><figcaption>Humanidades\/Ciencias<br>Sociales<\/figcaption><\/figure>\n\n\n\n<p>El bachillerato se organiza&nbsp;en:<\/p>\n\n\n\n<p><strong>1\u00ba CURSO BACHILLERATO DE CIENCIAS<\/strong> <strong>Y TECNOLOG\u00cdA<\/strong><\/p>\n\n\n\n<p><strong>Materias Comunes:<\/strong><\/p>\n\n\n\n<ul class=\"wp-block-list\"><li>Educaci\u00f3n F\u00edsica (2 horas)<\/li><li>Filosof\u00eda (3 horas)<\/li><li>1\u00aa lengua extranjera I (ingl\u00e9s- 3\/5 horas)<\/li><li>Lengua castellana y literatura I (4 horas)<\/li><li>Matem\u00e1ticas I (4 horas)<\/li><li>Religi\u00f3n (2 horas)<\/li><\/ul>\n\n\n\n<p><strong>Materias espec\u00edficas de modalidad:<\/strong><\/p>\n\n\n\n<ul class=\"wp-block-list\"><li>F\u00edsica y Qu\u00edmica (4 horas)<\/li><li>Dibujo T\u00e9cnico I (4 horas)<\/li><li>Biolog\u00eda, Geolog\u00eda y Ciencias Ambientales (4 horas)<\/li><li>Tecnolog\u00eda e Ingenier\u00eda I (4 horas)<\/li><\/ul>\n\n\n\n<p><strong>Optativas propias de la Comunidad:<\/strong><\/p>\n\n\n\n<ul class=\"wp-block-list\"><li>Desarrollo digital (4 horas)<\/li><li>2\u00aa Lengua Extranjera I: franc\u00e9s (4 horas)<\/li><li>Anatom\u00eda Aplicada  (4 horas)<\/li><li>Otra materia espec\u00edfica de modalidad (4 horas)<\/li><\/ul>\n\n\n\n<p><strong><span class=\"has-inline-color has-vivid-cyan-blue-color\">ELECCI\u00d3N MATERIAS PARA LA MATR\u00cdCULA:<\/span><\/strong><\/p>\n\n\n\n<ul class=\"wp-block-list\" id=\"block-85e8ed22-dd3e-4dc4-a267-396350b813ce\"><li><span class=\"has-inline-color has-vivid-cyan-blue-color\"><strong>BLOQUE 1: F\u00edsica y Qu\u00edmica   y elegir una entre: Dibujo T\u00e9cnico I (Itinerario Ciencias e Ingenier\u00eda) \/  Biolog\u00eda,  Geolog\u00eda<\/strong><\/span> <strong><span class=\"has-inline-color has-vivid-cyan-blue-color\">y Ciencias Ambientales<\/span><\/strong> <strong><span class=\"has-inline-color has-vivid-cyan-blue-color\">(Itinerario Ciencias de la Salud)<\/span><\/strong> <\/li><li><span class=\"has-inline-color has-vivid-cyan-blue-color\"><strong>BLOQUE 2: Elegir una entre: Tecnolog\u00eda e Ingenier\u00eda I  \/  Anatom\u00eda Aplicada  \/ <strong>Segunda Lengua Extranjera Franc\u00e9s I<\/strong><\/strong><\/span> <span class=\"has-inline-color has-vivid-cyan-blue-color\"><strong>\/ Desarrollo digital<\/strong><\/span><\/li><\/ul>\n\n\n\n<p><strong>1\u00ba CURSO BACHILLERATO DE HUMANIDADES Y CIENCIAS SOCIALES<\/strong><\/p>\n\n\n\n<p><strong>Materias troncales generales:<\/strong><\/p>\n\n\n\n<ul class=\"wp-block-list\"><li>Educaci\u00f3n F\u00edsica (2 horas)<\/li><li>Filosof\u00eda (3 horas)<\/li><li>1\u00aa lengua extranjera I (ingl\u00e9s- 3\/5 horas)<\/li><li>Lengua castellana y literatura I (4 horas)<\/li><li>Religi\u00f3n (2 horas)<\/li><li>Lat\u00edn I (4 horas) (Itinerario Humanidades)<\/li><li>Matem\u00e1ticas Aplicadas a las Ciencias Sociales I (4 horas) (Itinerario Ciencias Sociales)<\/li><\/ul>\n\n\n\n<p><strong>Materias obligatorias espec\u00edfica de modalidad:<\/strong><\/p>\n\n\n\n<ul class=\"wp-block-list\"><li>Lat\u00edn I (4 horas) (Itinerario Humanidades)<\/li><li>Matem\u00e1ticas Aplicadas a las Ciencias Sociales I (4 horas) (Itinerario Ciencias Sociales)<\/li><\/ul>\n\n\n\n<p><strong>Materias Espec\u00edficas de modalidad:<\/strong><\/p>\n\n\n\n<ul class=\"wp-block-list\"><li>Econom\u00eda (4 horas)<\/li><li>Griego I (4 horas)<\/li><li>Historia del Mundo Contempor\u00e1neo (4 horas)<\/li><li>Literatura Universal (4 horas)<\/li><\/ul>\n\n\n\n<p><strong>Optativas Propias de la Comunidad:<\/strong><\/p>\n\n\n\n<ul class=\"wp-block-list\"><li>Psicolog\u00eda (4 horas)<\/li><li>Lenguaje y Pr\u00e1ctica Musical (4 horas)  <\/li><li>2\u00aa Lengua Extranjera I: Franc\u00e9s (4 horas)<\/li><\/ul>\n\n\n\n<p><strong><span class=\"has-inline-color has-vivid-cyan-blue-color\">ELECCI\u00d3N MATERIAS PARA LA MATR\u00cdCULA (elegir 1 de cada bloque):<\/span><\/strong><\/p>\n\n\n\n<ul class=\"wp-block-list\" id=\"block-6fcd6175-6fc2-4b99-b0a8-a3e1ccdcc6e6\"><li><span class=\"has-inline-color has-vivid-cyan-blue-color\"><strong>BLOQUE 1: Lat\u00edn I  (Humanidades) \/  Matem\u00e1ticas Aplicadas a las Ciencias Sociales I<\/strong><\/span> <strong><span class=\"has-inline-color has-vivid-cyan-blue-color\">(Itinerario Ciencias Sociales)<\/span><\/strong><\/li><li><span class=\"has-inline-color has-vivid-cyan-blue-color\"><strong>BLOQUE 2: Econom\u00eda  (Itinerario Ciencias Sociales) \/  Griego I<\/strong><\/span> <span class=\"has-inline-color has-vivid-cyan-blue-color\"><strong>(Humanidades)<\/strong><\/span><\/li><li><span class=\"has-inline-color has-vivid-cyan-blue-color\"><strong>BLOQUE 3: Historia del Mundo Contempor\u00e1neo  \/  Literatura Universal<\/strong><\/span><\/li><li><span class=\"has-inline-color has-vivid-cyan-blue-color\"><strong>BLOQUE 4: Psicolog\u00eda  \/ 2\u00aa Lengua Extranjera I:  Franc\u00e9s  \/  Lenguaje y Pr\u00e1ctica Musical<\/strong><\/span><\/li><\/ul>\n\n\n\n<p><strong>2\u00ba CURSO BACHILLERATO DE CIENCIAS<\/strong> <strong>Y TECNOLOG\u00cdA<\/strong><\/p>\n\n\n\n<h4 class=\"wp-block-heading\">Materias comunes:<\/h4>\n\n\n\n<ul class=\"wp-block-list\"><li>Historia de Espa\u00f1a (3 horas)<\/li><li>Historia de la Filosof\u00eda (3 horas)<\/li><li>1\u00aa Lengua extranjera II (Ingl\u00e9s) (4\/6 horas)<\/li><li>Lengua Castellana y Literatura II (4 horas)<\/li><li>Matem\u00e1ticas II (4 horas) <\/li><\/ul>\n\n\n\n<p><strong>Materias espec\u00edficas de modalidad:<\/strong><\/p>\n\n\n\n<ul class=\"wp-block-list\"><li>F\u00edsica (4 horas)  (Itinerario Ciencias e Ingenier\u00eda)<\/li><li>Biolog\u00eda (4 horas) (Itinerario Ciencias de la Salud)<\/li><li>Dibujo T\u00e9cnico II (4 horas)<\/li><li>Qu\u00edmica (4 horas)<\/li><li>Geolog\u00eda y Ciencias Ambientales (4 horas)<\/li><li>Tecnolog\u00eda e Ingenier\u00eda II (4 horas)<\/li><\/ul>\n\n\n\n<p><strong>Optativas propias de la Comunidad:<\/strong><\/p>\n\n\n\n<ul class=\"wp-block-list\"><li>Investigaci\u00f3n y Desarrollo Cient\u00edfico (4 horas)<\/li><li>2\u00aa Lengua Extranjera II: Franc\u00e9s (4 horas)<\/li><li>Creaci\u00f3n de Contenidos Art\u00edsticos y Audiovisuales (4 horas)<\/li><li>Otra materia espec\u00edfica de modalidad (4 horas)<\/li><\/ul>\n\n\n\n<p><strong><span class=\"has-inline-color has-vivid-cyan-blue-color\">ELECCI\u00d3N MATERIAS PARA LA MATR\u00cdCULA (elegir 1 de cada bloque):<\/span><\/strong><\/p>\n\n\n\n<ul class=\"wp-block-list\" id=\"block-a8524100-9411-4194-9c07-bb8659511f80\"><li><span class=\"has-inline-color has-vivid-cyan-blue-color\"><strong>BLOQUE 1: Dibujo T\u00e9cnico II (Itinerario Ciencias e Ingenier\u00eda)<\/strong><\/span> <span class=\"has-inline-color has-vivid-cyan-blue-color\"><strong>\/ Biolog\u00eda<\/strong><\/span> <strong><span class=\"has-inline-color has-vivid-cyan-blue-color\">(Itinerario Ciencias de la Salud)<\/span><\/strong><\/li><li><span class=\"has-inline-color has-vivid-cyan-blue-color\"><strong>BLOQUE 2: Qu\u00edmica  \/  Tecnolog\u00eda e Ingenier\u00eda II  <\/strong><\/span><\/li><li><span class=\"has-inline-color has-vivid-cyan-blue-color\"><strong>BLOQUE 3: F\u00edsica  \/  <strong>Segunda Lengua Extranjera Franc\u00e9s II<\/strong>  \/  Investigaci\u00f3n y Desarrollo cient\u00edfico \/ Creaci\u00f3n de Contenidos Art\u00edsticos y Audiovisuales \/ Geolog\u00eda y Ciencias Ambientales<\/strong><\/span><\/li><\/ul>\n\n\n\n<p><strong>2\u00ba CURSO BACHILLERATO DE HUMANIDADES Y CIENCIAS SOCIALES<\/strong><\/p>\n\n\n\n<p><strong>Materias comunes:<\/strong><\/p>\n\n\n\n<ul class=\"wp-block-list\"><li>Historia de Espa\u00f1a (3 horas)<\/li><li>Historia de la Filosof\u00eda (3 horas)<\/li><li>1\u00aa Lengua extranjera II (Ingl\u00e9s) (4\/6 horas)<\/li><li>Lengua Castellana y Literatura II (4 horas)<\/li><\/ul>\n\n\n\n<p><strong>Materias comunes obligatorias:<\/strong><\/p>\n\n\n\n<ul class=\"wp-block-list\" id=\"block-2f26921b-c6b8-4b66-a317-9641ab761bd5\"><li>Lat\u00edn II (4 horas) (Itinerario Humanidades)<\/li><li>Matem\u00e1ticas Aplicadas a las Ciencias Sociales II (4 horas) (Itinerario Ciencias Sociales)<\/li><\/ul>\n\n\n\n<p><strong>Materias espec\u00edficas de modalidad:<\/strong><\/p>\n\n\n\n<ul class=\"wp-block-list\"><li>Historia del Arte (4 horas)<\/li><li>Empresa y Dise\u00f1o de Modelos de Negocio (4 horas)<\/li><li>Griego II (4 horas)<\/li><li>Geograf\u00eda (4 horas)<\/li><\/ul>\n\n\n\n<p><strong>Optativas propias de la comunidad:<\/strong><\/p>\n\n\n\n<ul class=\"wp-block-list\"><li>2\u00aa Lengua Extranjera II: Franc\u00e9s (4 horas)<\/li><li>Fundamentos de Administraci\u00f3n y Gesti\u00f3n (4 horas)<\/li><li>Historia de la M\u00fasica y la Danza (4 horas)<\/li><\/ul>\n\n\n\n<p><strong><span class=\"has-inline-color has-vivid-cyan-blue-color\">ELECCI\u00d3N MATERIAS PARA LA MATR\u00cdCULA:<\/span><\/strong><\/p>\n\n\n\n<ul class=\"wp-block-list\" id=\"block-6fcd6175-6fc2-4b99-b0a8-a3e1ccdcc6e6\"><li><span class=\"has-inline-color has-vivid-cyan-blue-color\"><strong>BLOQUE 1: <strong>Lat\u00edn II (Itinerario Humanidades) \/ Matem\u00e1ticas Aplicadas a las Ciencias Sociales II<\/strong><\/strong><\/span> <strong><span class=\"has-inline-color has-vivid-cyan-blue-color\">(Itinerario Ciencias Sociales)<\/span><\/strong><\/li><li><span class=\"has-inline-color has-vivid-cyan-blue-color\"><strong>BLOQUE 2: Griego II  <strong><strong>(Itinerario Humanidades)<\/strong><\/strong><\/strong><\/span> <span class=\"has-inline-color has-vivid-cyan-blue-color\"><strong>\/  Geograf\u00eda<\/strong><\/span> <strong><span class=\"has-inline-color has-vivid-cyan-blue-color\">(Itinerario Ciencias Sociales)<\/span><\/strong><\/li><li><span class=\"has-inline-color has-vivid-cyan-blue-color\"><strong>BLOQUE 3: <\/strong><\/span><strong><span class=\"has-inline-color has-vivid-cyan-blue-color\">Historia del Arte \/ Empresa y Dise\u00f1o de Modelos de Negocio<\/span><\/strong><\/li><li><span class=\"has-inline-color has-vivid-cyan-blue-color\"><strong>BLOQUE 4: <\/strong>  <strong>Segunda Lengua Extranjera Franc\u00e9s II<\/strong><\/span> <span class=\"has-inline-color has-vivid-cyan-blue-color\"><strong>\/  <strong>Historia de la M\u00fasica y la Danza<\/strong><\/strong><\/span> \/ <strong><span class=\"has-inline-color has-vivid-cyan-blue-color\">Fundamentos de Administraci\u00f3n y Gesti\u00f3n<\/span><\/strong><\/li><\/ul>\n\n\n\n<h4 class=\"wp-block-heading\"><strong>Acceso y promoci\u00f3n<\/strong><\/h4>\n\n\n\n<p>El acceso al bachillerato requiere, de manera general, el t\u00edtulo de graduado en educaci\u00f3n secundaria obligatoria con superaci\u00f3n de la prueba de evaluaci\u00f3n final de ESO por la opci\u00f3n de ense\u00f1anzas acad\u00e9micas.<\/p>\n\n\n\n<p>Promocionar\u00e1n al segundo curso cuando hayan superado todas las materias cursadas o tengan evaluaci\u00f3n negativa en dos materias como m\u00e1ximo.<\/p>\n\n\n\n<p>S\u00f3lo se computar\u00e1n el n\u00famero de materias que los alumnos y alumnas tienen que cursar como m\u00ednimo en cada uno de los bloques. Los alumnos y alumnas que promocionan con una o dos materias pendientes, deber\u00e1n matricularse de ellas en segundo curso. Los alumnos y alumnas que no promocionan &nbsp;a segundo curso, repiten primero en su totalidad.<\/p>\n\n\n\n<p>Los que al t\u00e9rmino del segundo curso tuvieran evaluaci\u00f3n negativa en algunas materias, podr\u00e1n matricularse de ellas sin necesidad de cursar de nuevo las materias superadas.<\/p>\n\n\n\n<p>El alumno o alumna se podr\u00e1 matricular en una materia de segundo curso, sin haberla cursado en primer curso, siempre que el profesorado que la imparta considere que el alumno o alumna re\u00fane las condiciones necesarias para seguir dichas ense\u00f1anzas con aprovechamiento.<\/p>\n\n\n\n<p>El alumno o alumna dispone de 4 a\u00f1os para obtener el t\u00edtulo de bachillerato. El alumnado podr\u00e1, en virtud de no agotar los 4 a\u00f1os disponibles para acabar bachillerato, solicitar la anulaci\u00f3n de matr\u00edcula antes de finalizar el mes de abril. Como m\u00e1ximo se podr\u00e1n solicitar dos anulaciones.<\/p>\n\n\n\n<p>Os dejamos un v\u00eddeo con el <strong>calendario de aplicaci\u00f3n <\/strong>de la LOMLOE<\/p>\n\n\n\n<figure class=\"wp-block-embed is-type-video is-provider-youtube wp-block-embed-youtube wp-embed-aspect-16-9 wp-has-aspect-ratio\"><div class=\"wp-block-embed__wrapper\">\n<iframe loading=\"lazy\" title=\"Calendario de implantaci\u00f3n de la LOMLOE\" width=\"525\" height=\"295\" src=\"https:\/\/www.youtube.com\/embed\/XOb_m_aPFhw?feature=oembed\" frameborder=\"0\" allow=\"accelerometer; autoplay; clipboard-write; encrypted-media; gyroscope; picture-in-picture; web-share\" referrerpolicy=\"strict-origin-when-cross-origin\" allowfullscreen><\/iframe>\n<\/div><\/figure>\n\n\n\n<p>Y aqu\u00ed os mostramos las <strong>principales novedades<\/strong> que introduce esta ley en los estudios de Bachillerato y en el acceso y admisi\u00f3n a la Universidad:<\/p>\n\n\n\n<p><a href=\"https:\/\/www.educacionyfp.gob.es\/dam\/jcr:be36ac34-ccbe-4747-9582-b4ae4225164e\/bachillerato.jpg\" target=\"_blank\" rel=\"noreferrer noopener\">https:\/\/www.educacionyfp.gob.es\/dam\/jcr:be36ac34-ccbe-4747-9582-b4ae4225164e\/bachillerato.jpg<\/a><\/p>\n\n\n\n<p><a href=\"https:\/\/www.educacionyfp.gob.es\/dam\/jcr:b0316f51-6d90-479a-95fd-db225d033189\/acceso-admision-universidad.jpg\">https:\/\/www.educacionyfp.gob.es\/dam\/jcr:b0316f51-6d90-479a-95fd-db225d033189\/acceso-admision-universidad.jpg<\/a><\/p>\n","protected":false},"excerpt":{"rendered":"<p>El bachillerato se organiza&nbsp;en: 1\u00ba CURSO BACHILLERATO DE CIENCIAS Y TECNOLOG\u00cdA Materias Comunes: Educaci\u00f3n F\u00edsica (2 horas) Filosof\u00eda (3 horas) 1\u00aa lengua extranjera I (ingl\u00e9s- 3\/5 horas) Lengua castellana y literatura I (4 horas) Matem\u00e1ticas I (4 horas) Religi\u00f3n (2 horas) Materias espec\u00edficas de modalidad: F\u00edsica y Qu\u00edmica (4 horas) Dibujo T\u00e9cnico I (4 horas) &hellip; <\/p>\n<p class=\"link-more\"><a href=\"https:\/\/somosdelprieto.com\/index.php\/estudios\/bachillerato\/organizacion-de-bachillerato\/\" class=\"more-link\">Continuar leyendo<span class=\"screen-reader-text\"> \u00abORGANIZACI\u00d3N DE BACHILLERATO\u00bb<\/span><\/a><\/p>\n","protected":false},"author":11,"featured_media":0,"parent":528,"menu_order":0,"comment_status":"closed","ping_status":"closed","template":"","meta":{"footnotes":""},"class_list":["post-7603","page","type-page","status-publish","hentry"],"_links":{"self":[{"href":"https:\/\/somosdelprieto.com\/index.php\/wp-json\/wp\/v2\/pages\/7603","targetHints":{"allow":["GET"]}}],"collection":[{"href":"https:\/\/somosdelprieto.com\/index.php\/wp-json\/wp\/v2\/pages"}],"about":[{"href":"https:\/\/somosdelprieto.com\/index.php\/wp-json\/wp\/v2\/types\/page"}],"author":[{"embeddable":true,"href":"https:\/\/somosdelprieto.com\/index.php\/wp-json\/wp\/v2\/users\/11"}],"replies":[{"embeddable":true,"href":"https:\/\/somosdelprieto.com\/index.php\/wp-json\/wp\/v2\/comments?post=7603"}],"version-history":[{"count":9,"href":"https:\/\/somosdelprieto.com\/index.php\/wp-json\/wp\/v2\/pages\/7603\/revisions"}],"predecessor-version":[{"id":15151,"href":"https:\/\/somosdelprieto.com\/index.php\/wp-json\/wp\/v2\/pages\/7603\/revisions\/15151"}],"up":[{"embeddable":true,"href":"https:\/\/somosdelprieto.com\/index.php\/wp-json\/wp\/v2\/pages\/528"}],"wp:attachment":[{"href":"https:\/\/somosdelprieto.com\/index.php\/wp-json\/wp\/v2\/media?parent=7603"}],"curies":[{"name":"wp","href":"https:\/\/api.w.org\/{rel}","templated":true}]}}