{"id":7298,"date":"2021-06-23T09:46:53","date_gmt":"2021-06-23T07:46:53","guid":{"rendered":"https:\/\/somosdelprieto.com\/?page_id=7298"},"modified":"2021-06-23T09:52:36","modified_gmt":"2021-06-23T07:52:36","slug":"comercializacion-de-productos-alimentarios","status":"publish","type":"page","link":"https:\/\/somosdelprieto.com\/index.php\/comercializacion-de-productos-alimentarios\/","title":{"rendered":"Comercializaci\u00f3n de Productos Alimentarios"},"content":{"rendered":"\n<p id=\"contentAbstract\">T\u00edtulo LOE de nueva creaci\u00f3n establecido por Real Decreto 189\/2018, de 6 de abril<\/p>\n\n\n\n<p><strong>Familia Profesional<\/strong>:&nbsp;COMERCIO Y MARKETING &#8211; HOSTELER\u00cdA Y TURISMO<\/p>\n\n\n\n<p><strong>Nivel:&nbsp;<\/strong>CICLO FORMATIVO DE GRADO MEDIO&nbsp;<\/p>\n\n\n\n<p><strong>Duraci\u00f3n<\/strong>: 2000 horas. 2 cursos acad\u00e9micos<\/p>\n\n\n\n<p><strong>Curso de implantaci\u00f3n CLM<\/strong>: 2019\/20&nbsp;<\/p>\n\n\n\n<figure class=\"wp-block-embed is-type-video is-provider-youtube wp-block-embed-youtube wp-embed-aspect-4-3 wp-has-aspect-ratio\"><div class=\"wp-block-embed__wrapper\">\n<iframe loading=\"lazy\" title=\"Ciclo Formativo de Comercializaci\u00f3n de Productos Alimentarios del IES Gregorio Prieto\" width=\"525\" height=\"394\" src=\"https:\/\/www.youtube.com\/embed\/TIEc3cHlpgk?feature=oembed\" frameborder=\"0\" allow=\"accelerometer; autoplay; clipboard-write; encrypted-media; gyroscope; picture-in-picture; web-share\" referrerpolicy=\"strict-origin-when-cross-origin\" allowfullscreen><\/iframe>\n<\/div><\/figure>\n\n\n\n<p><strong>M\u00f3dulos profesionales<\/strong><\/p>\n\n\n\n<ul class=\"wp-block-list\"><li>1606. Constituci\u00f3n de peque\u00f1os negocios alimentarios.<\/li><li>1607. Mercadotecnia del comercio alimentario.<\/li><li>1608. Dinamizaci\u00f3n del punto de venta en comercios de alimentaci\u00f3n.<\/li><li>1609. Atenci\u00f3n comercial en negocios alimentarios.<\/li><li>1610. Seguridad y calidad alimentaria en el comercio.<\/li><li>1611. Preparaci\u00f3n y acondicionamiento de productos frescos y transformados.<\/li><li>1612. Log\u00edstica de productos alimentarios.<\/li><li>1613. Comercio electr\u00f3nico en negocios alimentarios.<\/li><li>1614. Ofim\u00e1tica aplicada al comercio alimentario.<\/li><li>1615. Gesti\u00f3n de un comercio alimentario.<\/li><li>0156. Ingl\u00e9s.<\/li><li>1616. Formaci\u00f3n y orientaci\u00f3n laboral.<\/li><li>1617. Formaci\u00f3n en centros de trabajo.<\/li><\/ul>\n\n\n\n<p><strong>Duraci\u00f3n y distribuci\u00f3n horaria semanal de los m\u00f3dulos profesionales del ciclo formativo.<\/strong><\/p>\n\n\n\n<figure class=\"wp-block-table\"><table><tbody><tr><td><strong>&nbsp;1<sup>ER<\/sup>&nbsp;CURSO<\/strong><\/td><td><strong>Hrs.<\/strong><strong>Anuales<\/strong><\/td><td><strong>Hrs Sem.<\/strong><\/td><td><strong>&nbsp;2<sup>\u00ba<\/sup>&nbsp;CURSO<\/strong><\/td><td><strong>Hrs.<\/strong><strong>Anuales<\/strong><\/td><td><strong>Hrs Sem.<\/strong><\/td><\/tr><tr><td>&nbsp;1606. Constituci\u00f3n de peque\u00f1os negocios alimentarios<\/td><td>&nbsp;150<\/td><td>5&nbsp;<\/td><td>&nbsp;1611. Preparaci\u00f3n y acondicionamiento de productos frescos y transformados<\/td><td>&nbsp;170<\/td><td>8&nbsp;<\/td><\/tr><tr><td>&nbsp;1607. Mercadotecnia del comercio alimentario<\/td><td>&nbsp;140<\/td><td>4&nbsp;<\/td><td>&nbsp;1612. Log\u00edstica de productos alimentarios<\/td><td>&nbsp;170<\/td><td>8&nbsp;<\/td><\/tr><tr><td>&nbsp;1608. Dinamizaci\u00f3n del punto de venta en comercios de alimentaci\u00f3n.<\/td><td>&nbsp;120<\/td><td>4&nbsp;<\/td><td>&nbsp;1613. Comercio electr\u00f3nico en negocios alimentarios<\/td><td>&nbsp;170<\/td><td>8&nbsp;<\/td><\/tr><tr><td>1609. Atenci\u00f3n comercial en negocios alimentarios.<\/td><td>130<\/td><td>4<\/td><td>1615. Gesti\u00f3n de un comercio alimentario<\/td><td>130<\/td><td>6<\/td><\/tr><tr><td>1610. Seguridad y calidad alimentaria en el comercio.<\/td><td>130<\/td><td>4<\/td><td>1617. Formaci\u00f3n en centros de trabajo<\/td><td>400<\/td><td>&nbsp;<\/td><\/tr><tr><td>1614. Ofim\u00e1tica aplicada al comercio alimentario.<\/td><td>110<\/td><td>3<\/td><td>&nbsp;<\/td><td>&nbsp;<\/td><td>&nbsp;<\/td><\/tr><tr><td>&nbsp;0156. Ingl\u00e9s<\/td><td>&nbsp;98<\/td><td>3&nbsp;<\/td><td>&nbsp;<\/td><td>&nbsp;<\/td><td>&nbsp;<\/td><\/tr><tr><td>1616. Formaci\u00f3n y orientaci\u00f3n laboral<\/td><td>82<\/td><td>3<\/td><td>&nbsp;<\/td><td>&nbsp;<\/td><td>&nbsp;<\/td><\/tr><\/tbody><\/table><\/figure>\n\n\n\n<p><strong>Competencias<\/strong>:<\/p>\n\n\n\n<p>Relaci\u00f3n de cualificaciones y unidades de competencia del Cat\u00e1logo Nacional de Cualificaciones Profesionales incluidas en el t\u00edtulo.<\/p>\n\n\n\n<p>1. Cualificaci\u00f3n profesional completa:<\/p>\n\n\n\n<p>Actividades de gesti\u00f3n del peque\u00f1o comercio. COM631_2 (Real Decreto 889\/2011, de 24 de junio) que comprende las siguientes unidades de competencia:<\/p>\n\n\n\n<p>&nbsp;&nbsp;&nbsp;&nbsp; UC0239_2: Realizar la venta de productos y\/o servicios a trav\u00e9s de los diferentes canales de comercializaci\u00f3n.<\/p>\n\n\n\n<p>&nbsp;&nbsp;&nbsp;&nbsp; UC1792_2: Gestionar la prevenci\u00f3n de riesgos laborales en peque\u00f1os negocios.<\/p>\n\n\n\n<p>&nbsp;&nbsp;&nbsp;&nbsp; UC2105_2: Organizar y animar el punto de venta de un peque\u00f1o comercio.<\/p>\n\n\n\n<p>&nbsp;&nbsp;&nbsp;&nbsp; UC2104_2: Impulsar y negociar un peque\u00f1o comercio de calidad.<\/p>\n\n\n\n<p>&nbsp;&nbsp;&nbsp;&nbsp; UC2106_2: Garantizar la capacidad de respuesta y abastecimiento del peque\u00f1o comercio.<\/p>\n\n\n\n<p>2. Cualificaciones profesionales incompletas:<\/p>\n\n\n\n<p>a) Actividades de venta. COM085_2 (Real Decreto 295\/2004, de 20 de febrero):<\/p>\n\n\n\n<p>&nbsp;&nbsp;&nbsp;&nbsp; UC0241_2: Ejecutar las acciones del servicio de atenci\u00f3n al cliente, consumidor y usuario.<\/p>\n\n\n\n<p>b) Organizaci\u00f3n y gesti\u00f3n de almacenes. COM318_3 (Real Decreto 109\/2008, de 1 de febrero):<\/p>\n\n\n\n<p>&nbsp;&nbsp;&nbsp;&nbsp; UC1015_2: Gestionar y coordinar las operaciones de almac\u00e9n.<\/p>\n\n\n\n<p>c) Cocina. HOT093_2 (Real Decreto 295\/2004, de 20 de febrero):<\/p>\n\n\n\n<p>&nbsp;&nbsp;&nbsp;&nbsp; UC0260_2: Preelaborar y conservar toda clase de alimentos.<\/p>\n\n\n\n<p><strong>Puestos de Trabajo<\/strong>:<\/p>\n\n\n\n<p>Las personas que obtienen este t\u00edtulo ejercen su actividad en el \u00e1mbito del comercio de productos alimentarios, f\u00edsico u&nbsp;<em>online<\/em>, en cualquier empresa u organizaci\u00f3n, en tiendas de alimentaci\u00f3n al por menor o en los departamentos correspondientes de grandes superficies; bien sea por cuenta propia o ajena.<\/p>\n\n\n\n<p>Las ocupaciones y puestos de trabajo m\u00e1s relevantes son los siguientes:<\/p>\n\n\n\n<ul class=\"wp-block-list\"><li>Responsable\/encargado de establecimiento alimentario.<\/li><li>Responsable\/encargado de secci\u00f3n\/sala\/departamento de tienda de alimentaci\u00f3n.<\/li><li>Gestor\/a de peque\u00f1o comercio alimentario.<\/li><li>Responsable\/encargado de comercios alimentarios online.<\/li><li>Asesor\/a comercial de productos alimentarios.<\/li><li>Vendedor\/a de productos alimentarios.<\/li><\/ul>\n\n\n\n<p><\/p>\n","protected":false},"excerpt":{"rendered":"<p>T\u00edtulo LOE de nueva creaci\u00f3n establecido por Real Decreto 189\/2018, de 6 de abril Familia Profesional:&nbsp;COMERCIO Y MARKETING &#8211; HOSTELER\u00cdA Y TURISMO Nivel:&nbsp;CICLO FORMATIVO DE GRADO MEDIO&nbsp; Duraci\u00f3n: 2000 horas. 2 cursos acad\u00e9micos Curso de implantaci\u00f3n CLM: 2019\/20&nbsp; M\u00f3dulos profesionales 1606. Constituci\u00f3n de peque\u00f1os negocios alimentarios. 1607. Mercadotecnia del comercio alimentario. 1608. Dinamizaci\u00f3n del punto &hellip; <\/p>\n<p class=\"link-more\"><a href=\"https:\/\/somosdelprieto.com\/index.php\/comercializacion-de-productos-alimentarios\/\" class=\"more-link\">Continuar leyendo<span class=\"screen-reader-text\"> \u00abComercializaci\u00f3n de Productos Alimentarios\u00bb<\/span><\/a><\/p>\n","protected":false},"author":1,"featured_media":0,"parent":0,"menu_order":0,"comment_status":"closed","ping_status":"closed","template":"","meta":{"footnotes":""},"class_list":["post-7298","page","type-page","status-publish","hentry"],"_links":{"self":[{"href":"https:\/\/somosdelprieto.com\/index.php\/wp-json\/wp\/v2\/pages\/7298","targetHints":{"allow":["GET"]}}],"collection":[{"href":"https:\/\/somosdelprieto.com\/index.php\/wp-json\/wp\/v2\/pages"}],"about":[{"href":"https:\/\/somosdelprieto.com\/index.php\/wp-json\/wp\/v2\/types\/page"}],"author":[{"embeddable":true,"href":"https:\/\/somosdelprieto.com\/index.php\/wp-json\/wp\/v2\/users\/1"}],"replies":[{"embeddable":true,"href":"https:\/\/somosdelprieto.com\/index.php\/wp-json\/wp\/v2\/comments?post=7298"}],"version-history":[{"count":2,"href":"https:\/\/somosdelprieto.com\/index.php\/wp-json\/wp\/v2\/pages\/7298\/revisions"}],"predecessor-version":[{"id":7302,"href":"https:\/\/somosdelprieto.com\/index.php\/wp-json\/wp\/v2\/pages\/7298\/revisions\/7302"}],"wp:attachment":[{"href":"https:\/\/somosdelprieto.com\/index.php\/wp-json\/wp\/v2\/media?parent=7298"}],"curies":[{"name":"wp","href":"https:\/\/api.w.org\/{rel}","templated":true}]}}