{"id":5060,"date":"2021-04-06T17:14:54","date_gmt":"2021-04-06T15:14:54","guid":{"rendered":"https:\/\/somosdelprieto.com\/?page_id=5060"},"modified":"2025-03-05T17:58:02","modified_gmt":"2025-03-05T16:58:02","slug":"noticias-y-formacion","status":"publish","type":"page","link":"https:\/\/somosdelprieto.com\/index.php\/portada\/proyectos-2\/centro-etwinning\/noticias-y-formacion\/","title":{"rendered":"Noticias y Formaci\u00f3n"},"content":{"rendered":"\n<figure class=\"wp-block-image size-large is-style-rounded\"><img loading=\"lazy\" decoding=\"async\" width=\"1024\" height=\"682\" src=\"https:\/\/somosdelprieto.com\/wp-content\/uploads\/2020\/11\/IMAGEN7-1024x682.jpg\" alt=\"\" class=\"wp-image-2217\" srcset=\"https:\/\/somosdelprieto.com\/wp-content\/uploads\/2020\/11\/IMAGEN7-1024x682.jpg 1024w, https:\/\/somosdelprieto.com\/wp-content\/uploads\/2020\/11\/IMAGEN7-300x200.jpg 300w, https:\/\/somosdelprieto.com\/wp-content\/uploads\/2020\/11\/IMAGEN7-768x512.jpg 768w, https:\/\/somosdelprieto.com\/wp-content\/uploads\/2020\/11\/IMAGEN7.jpg 1280w\" sizes=\"auto, (max-width: 767px) 89vw, (max-width: 1000px) 54vw, (max-width: 1071px) 543px, 580px\" \/><\/figure>\n\n\n\n<p class=\"has-text-align-center\"><span class=\"has-inline-color has-vivid-cyan-blue-color\"><strong><em> \u00a1Desarrollo Profesional<\/em><\/strong>,<strong><em> eventos de formaci\u00f3n, NOOC, seminarios, cursos, encuentros did\u00e1cticos, la APP del mes.. y mucho m\u00e1s!<\/em><\/strong><\/span><\/p>\n\n\n\n<p><a rel=\"noreferrer noopener\" href=\"https:\/\/twitter.com\/ClmEtwinning\/status\/1400040897815924736\" target=\"_blank\">Twitter de la Embajada de eTwinning Castilla la Mancha<\/a><\/p>\n\n\n\n<p><a rel=\"noreferrer noopener\" href=\"https:\/\/www.facebook.com\/embajadaetwinningcastillalamancha\/\" data-type=\"URL\" data-id=\"https:\/\/www.facebook.com\/embajadaetwinningcastillalamancha\/\" target=\"_blank\">Facebook de la Embajada de eTwinning de Castilla la Mancha<\/a><\/p>\n\n\n\n<p>Novedades desde el SNA eTwinning para el  24-25<\/p>\n\n\n\n<ul class=\"wp-block-list\">\n<li><strong>PREMIOS NACIONALES ETWINNING<\/strong>: Publicado el\u00a0<a href=\"https:\/\/www.educacionfpydeportes.gob.es\/dam\/jcr:8bb37b7e-b239-4974-986e-20c4563b7ee6\/3--listado-provisional---dni-encriptado.pdf\" target=\"_blank\" rel=\"noreferrer noopener\">listado provisional de admitidos<\/a>\u00a0de Premios Nacionales eTwinning 2025.<\/li>\n<\/ul>\n\n\n\n<p><strong>&nbsp; ART\u00cdCULOS Y PUBLICACIONES<\/strong><\/p>\n\n\n\n<ul class=\"wp-block-list\">\n<li><strong>Reactivaci\u00f3n de los Grupos eTwinning:\u00a0<\/strong><a href=\"https:\/\/school-education.ec.europa.eu\/en\/discover\/news\/etwinning-featured-groups-feb-2025\" target=\"_blank\" rel=\"noreferrer noopener\">Join the eTwinning featured groups<\/a>\u00a0<\/li>\n\n\n\n<li><strong>Pensamiento cr\u00edtico:<\/strong>\u00a0<a href=\"https:\/\/school-education.ec.europa.eu\/en\/discover\/tutorials\/turn-passive-learners-independent-thinkers\" target=\"_blank\" rel=\"noreferrer noopener\">Ideas to turn passive learners into independent thinkers<\/a>\u00a0<\/li>\n\n\n\n<li><strong>Aniversario eTwinning:\u00a0<\/strong>\u00a0<a href=\"https:\/\/school-education.ec.europa.eu\/en\/discover\/news\/20-years-etwinning-nsos\" target=\"_blank\" rel=\"noreferrer noopener\">Celebrating of 20 years of eTwinning with National Support Organisations<\/a>\u00a0<\/li>\n\n\n\n<li><strong>V\u00eddeos aniversario eTwinning en Espa\u00f1a:<\/strong>\u00a0<a href=\"https:\/\/etwinning.es\/etwinning-celebra-20-anos-conectando-docentes-y-estudiantes-en-europa\/\" target=\"_blank\" rel=\"noreferrer noopener\">https:\/\/etwinning.es\/etwinning-celebra-20-anos-conectando-docentes-y-estudiantes-en-europa\/<\/a><\/li>\n\n\n\n<li><strong>Libro eTwinning 2025:\u00a0<\/strong><a href=\"https:\/\/etwinning.es\/participa-en-el-libro-etwinning-2025-comparte-tu-experiencia\/\" target=\"_blank\" rel=\"noreferrer noopener\">https:\/\/etwinning.es\/participa-en-el-libro-etwinning-2025-comparte-tu-experiencia\/<\/a><\/li>\n<\/ul>\n\n\n\n<p><strong>&nbsp; DESARROLLO PROFESIONAL<\/strong><\/p>\n\n\n\n<ul class=\"wp-block-list\">\n<li><strong>Short course<\/strong>\u00a0on\u00a0<a href=\"https:\/\/school-education.ec.europa.eu\/en\/learn\/courses\/enhance-numeracy-skills-etwinning-projects?prefLang=en&amp;pk_campaign=esep-feb25-n1\" target=\"_blank\" rel=\"noreferrer noopener\">Enhance numeracy skills with eTwinning projects<\/a>, 03.03.2025\u00a0<\/li>\n\n\n\n<li><strong>Webinar<\/strong>\u00a0on\u00a0<a href=\"https:\/\/school-education.ec.europa.eu\/en\/learn\/webinars\/etwinning-featured-groups-open-house-discover-join-engage\" target=\"_blank\" rel=\"noreferrer noopener\">eTwinning featured groups open house: Discover, join, engage!,<\/a>\u00a004.03.2025\u00a0,16:00\u00a0<\/li>\n<\/ul>\n\n\n\n<ul class=\"wp-block-list\">\n<li><strong>Short course<\/strong>\u00a0on\u00a0<a href=\"https:\/\/school-education.ec.europa.eu\/en\/learn\/courses\/empowering-teachers-and-students-through-self-regulated-learning\" target=\"_blank\" rel=\"noreferrer noopener\">Empowering teachers and students through self-regulated learning<\/a>, 17.03.2025\u00a0<\/li>\n\n\n\n<li><strong>Webinar\u00a0<\/strong>on\u00a0<a href=\"https:\/\/school-education.ec.europa.eu\/en\/learn\/webinars\/european-commission-webinar-engaging-maths-education-through-games-technology-and-interdisciplinary-learning\" target=\"_blank\" rel=\"noreferrer noopener\">Engaging Maths education through games, technology and interdisciplinary learning<\/a>, 24.03.2025\u00a0<\/li>\n\n\n\n<li><strong>Short course<\/strong>\u00a0on\u00a0<a href=\"https:\/\/school-education.ec.europa.eu\/en\/learn\/courses\/supporting-childrens-numeracy-role-home-learning-environment\" target=\"_blank\" rel=\"noreferrer noopener\">Supporting children\u2019s numeracy: the role of the home learning environment<\/a>, 31.03.2025\u00a0<\/li>\n\n\n\n<li><strong>PODCAST \u2018Teachers of Europe\u2019\u00a0\u00a0<\/strong><\/li>\n<\/ul>\n\n\n\n<p>El \u00faltimo episodio&nbsp;<a href=\"https:\/\/school-education.ec.europa.eu\/en\/discover\/news\/podcast-democratic-schools\" target=\"_blank\" rel=\"noreferrer noopener\">democratic schools \u2013 what is feasible?<\/a>&nbsp;est\u00e1 disponible en<strong>&nbsp;<a href=\"https:\/\/academy.europa.eu\/local\/euacademy\/pages\/course\/media-channel-overview.php?title=teachers-of-europe\" target=\"_blank\" rel=\"noreferrer noopener\">EU Academy Platform<\/a>.&nbsp;<\/strong><\/p>\n\n\n\n<p><img loading=\"lazy\" decoding=\"async\" width=\"18\" height=\"18\" src=\"https:\/\/mail.google.com\/mail\/u\/1?ui=2&amp;ik=f53f8c409d&amp;attid=0.0.1&amp;permmsgid=msg-f:1825753510905343216&amp;th=1956612518ef6cf0&amp;view=fimg&amp;fur=ip&amp;permmsgid=msg-f:1825753510905343216&amp;sz=s0-l75-ft&amp;attbid=ANGjdJ860iW8dO_PQrtAfFTbWM6cYoP9dxcRvnCx0wncLf_1Ob4CR44a3mwMFkV0AE-6bbybMs1oOeYdTRj_k1ytxLmPA9skGYOPjvgaf5zIJeVRTfOoD5SYzH0E1Vg&amp;disp=emb&amp;realattid=ii_1956611cdfe5af44d1&amp;zw\" alt=\"*\"><strong>Convocatoria ESEP para profesores y expertos<\/strong><strong>\u202f<\/strong><strong>en educaci\u00f3n.<\/strong><\/p>\n\n\n\n<p>Se buscan profesores con experiencia, formadores de profesores, investigadores y otros expertos interesados en contribuir a su contenido editorial y a su oferta de formaci\u00f3n de profesores. Env\u00eda tus propuestas aqu\u00ed:<a href=\"https:\/\/bit.ly\/nso-content\" target=\"_blank\" rel=\"noreferrer noopener\">https:\/\/bit.ly\/nso-content<\/a>&nbsp;\u202f&nbsp;<\/p>\n\n\n\n<p><strong><u>Convocatoria de Premios Nacionales eTwinning 2025: PLAZO ABIERTO \u2013 NUEVO<\/u><\/strong><\/p>\n\n\n\n<p>&nbsp;Accede a la convocatoria <a href=\"https:\/\/www.educacionfpydeportes.gob.es\/en\/servicios-al-ciudadano\/catalogo\/general\/20\/202799\/ficha\/202799-2025.html\">aqu\u00ed<\/a> y m\u00e1s<a href=\"https:\/\/www.educa.jccm.es\/es\/sistema-educativo\/idiomas-programas-europeos\/programas-europeos\/etwinning\/premios-reconocimientos-etwinning\"> informaci\u00f3n<\/a><\/p>\n\n\n\n<p><strong><u>Convocatoria de Eventos de Formaci\u00f3n eTwinning 2025: PUBLICACION LISTADOS &#8211; NUEVO<\/u><\/strong><\/p>\n\n\n\n<p>Se han publicado los listados de admitidos con baremaci\u00f3n provisional y excluidos definitivos de la convocatoria de<a href=\"http:\/\/\u00ed:&nbsp;https:\/\/www.educacionfpydeportes.gob.es\/servicios-al-ciudadano\/catalogo\/general\/20\/203149\/ficha\/203149-2025.html\"> Eventos de Formaci\u00f3n eTwinning 2025<\/a>. <\/p>\n\n\n\n<p><strong><u>Convocatoria cursos tutorizados INTEF: &nbsp;PLAZO ABIERTO- NUEVO<\/u><\/strong><\/p>\n\n\n\n<p>Curso tutorizado \u00ab<a href=\"https:\/\/etwinning.es\/comienza-el-ano-formandote-con-etwinning\/\"><strong>Proyecta eTwinning<\/strong>\u00ab<\/a>. Certificado por INTEF con horas de formaci\u00f3n. .<\/p>\n\n\n\n<p>Abiertas inscripciones para el&nbsp;<strong><a href=\"https:\/\/formacion.intef.es\/aulaenabierto\/login\/index.php\">MOOC&nbsp;\u201cDocentes en la era digital: el compromiso profesional en los centros educativos<u>\u201d &#8211; NUEVO<\/u><\/a><\/strong><\/p>\n\n\n\n<p><\/p>\n\n\n\n<p><strong>NOVEDADES DESDE EL SN PARA EL 23-24<\/strong><\/p>\n\n\n\n<p>Ya est\u00e1 abierto el plazo de inscripci\u00f3n del Encuentro Did\u00e1ctico: Trabajando la inclusi\u00f3n desde los centros, moderado por el embajador eTwinning Rafael Montero.<\/p>\n\n\n\n<p><\/p>\n\n\n\n<figure class=\"wp-block-embed is-type-wp-embed is-provider-etwinning wp-block-embed-etwinning\"><div class=\"wp-block-embed__wrapper\">\nhttps:\/\/etwinning.es\/es\/encuentro-didactico-nacional-trabajando-la-inclusion-desde-los-centros\n<\/div><\/figure>\n\n\n\n<p>As\u00ed mismo, continuamos recopilando datos sobre la evaluaci\u00f3n de la nueva plataforma.  Para ello, hemos publicado el siguiente art\u00edculo en el que los usuarios pueden completar un formulario de valoraci\u00f3n. Os dejamos el link:<\/p>\n\n\n\n<figure class=\"wp-block-embed is-type-wp-embed is-provider-etwinning wp-block-embed-etwinning\"><div class=\"wp-block-embed__wrapper\">\nhttps:\/\/etwinning.es\/es\/valoracion-de-la-plataforma-europea-de-educacion-escolar-2\n<\/div><\/figure>\n\n\n\n<p><strong><u>Art\u00edculos y recursos:<\/u><\/strong><\/p>\n\n\n\n<ul class=\"wp-block-list\">\n<li><a href=\"https:\/\/school-education.ec.europa.eu\/en\/insights\/news\/european-online-conference-initial-teacher-education-etwinning-future-teachers\" target=\"_blank\" rel=\"noreferrer noopener\">European Online Conference for Initial Teacher Education \u2018eTwinning for Future Teachers: connecting, mentoring, innovating\u2019<\/a>&nbsp;<\/li>\n\n\n\n<li><a href=\"https:\/\/school-education.ec.europa.eu\/en\/insights\/news\/etwinning-future-teachers-european-award-2023-nominated-initial-teacher-education\" target=\"_blank\" rel=\"noreferrer noopener\">\u2018eTwinning for Future Teachers\u2019 European Award 2023, Nominated Initial Teacher Education Institutions<\/a>&nbsp;<\/li>\n\n\n\n<li><a href=\"https:\/\/school-education.ec.europa.eu\/en\/insights\/practices\/innovative-practices-rural-schools-fostering-community-and-digital-learning\" target=\"_blank\" rel=\"noreferrer noopener\">Innovative practices in rural schools: fostering community and digital learning<\/a>&nbsp;<\/li>\n\n\n\n<li><a href=\"https:\/\/school-education.ec.europa.eu\/en\/insights\/news\/overcoming-digital-divide-rural-areas\" target=\"_blank\" rel=\"noreferrer noopener\">Overcoming the digital divide in rural areas<\/a>&nbsp;<\/li>\n\n\n\n<li><a href=\"https:\/\/school-education.ec.europa.eu\/en\/insights\/news\/rural-perspectives-eu-teacher-shortage\" target=\"_blank\" rel=\"noreferrer noopener\">Rural perspectives on the EU teacher shortage<\/a>&nbsp;<\/li>\n\n\n\n<li><a href=\"https:\/\/school-education.ec.europa.eu\/en\/insights\/publications\/rural-schools-under-focus-case-studies\" target=\"_blank\" rel=\"noreferrer noopener\">Rural Schools under Focus: case studies on innovative practices<\/a>&nbsp;&nbsp;<\/li>\n<\/ul>\n\n\n\n<p><strong><u>Desarrollo profesional en ESEP<\/u><\/strong><\/p>\n\n\n\n<ul class=\"wp-block-list\">\n<li><strong>Webinar:&nbsp;<\/strong><a href=\"https:\/\/school-education.ec.europa.eu\/en\/professional-development\/webinars\/european-commissions-webinar-assessment-within-era-artificial\" target=\"_blank\" rel=\"noreferrer noopener\">Assessment within the era of Artificial Intelligence<\/a>, 16 noviembre a las 16:00 CET&nbsp;&nbsp;<\/li>\n\n\n\n<li><strong>Webinar:<\/strong>&nbsp;<a href=\"https:\/\/school-education.ec.europa.eu\/en\/professional-development\/webinars\/european-commissions-webinar-small-rural-school-innovation\" target=\"_blank\" rel=\"noreferrer noopener\">Small Rural School Innovation through Internationalisation<\/a>,&nbsp; 23 noviembre a las 16:00 CET&nbsp;&nbsp;<\/li>\n\n\n\n<li><strong>Webinar series:&nbsp;<\/strong><a href=\"https:\/\/academy.europa.eu\/local\/euacademy\/pages\/course\/event-overview.php?title=nurturing-teacher-well-being\" target=\"_blank\" rel=\"noreferrer noopener\">Nurturing teacher well-being<\/a>, 5 y 8 diciembre a las 16:00 CET&nbsp;<\/li>\n\n\n\n<li><strong>Short course:&nbsp;<\/strong><a href=\"https:\/\/academy.europa.eu\/courses\/well-being-in-the-classroom-the-what-why-and-how-of-fostering-social-and-academic-learning\" target=\"_blank\" rel=\"noreferrer noopener\">Well-being in the classroom: The What, Why and How of fostering social and academic learning<\/a>, 06\/12&nbsp;<\/li>\n<\/ul>\n\n\n\n<p>eTwinning&nbsp; &nbsp;<\/p>\n\n\n\n<ul class=\"wp-block-list\">\n<li><strong>Webinar:&nbsp;<\/strong><a href=\"https:\/\/school-education.ec.europa.eu\/en\/professional-development\/webinars\/european-commissions-webinar-how-become-etwinning-school\" target=\"_blank\" rel=\"noreferrer noopener\">How to become an eTwinning school: inclusive and innovative learning organisations<\/a>, 24 noviembre a las 16:00 CET&nbsp;<\/li>\n\n\n\n<li><strong>Short course:&nbsp;<\/strong><a href=\"https:\/\/school-education.ec.europa.eu\/en\/professional-development\/courses\/etwinning-entrepreneurial-education-developing-next-generation\" target=\"_blank\" rel=\"noreferrer noopener\">eTwinning for entrepreneurial education: developing the next generation of innovators<\/a>, 27\/11&nbsp;<\/li>\n<\/ul>\n\n\n\n<p>eTwinning Webinars<\/p>\n\n\n\n<ul class=\"wp-block-list\">\n<li><strong>Webinar<\/strong>:&nbsp;<a href=\"https:\/\/events.teams.microsoft.com\/event\/96a30990-3ede-4064-be12-2245a85a123f@e21d18f1-2112-4ecf-a67c-d20aedbd18b3\" target=\"_blank\" rel=\"noreferrer noopener\">Virgilio Group is back! &#8211; An introduction to eTwinning<\/a>, 13 noviembre a las 17:00 CET&nbsp;<\/li>\n\n\n\n<li><strong>Webinar<\/strong>:&nbsp;<a href=\"https:\/\/events.teams.microsoft.com\/event\/b487637e-60b3-4eb7-bdfb-34fd339d9c6b@e21d18f1-2112-4ecf-a67c-d20aedbd18b3\" target=\"_blank\" rel=\"noreferrer noopener\">eSafety first of all<\/a>, 15 noviembre a las 17:00 CET&nbsp;<\/li>\n<\/ul>\n\n\n\n<p>Dentro de las actividades del grupo \u201c<a rel=\"noreferrer noopener\" href=\"https:\/\/school-education.ec.europa.eu\/en\/group\/steam-disena-el-futuro-de-la-ciencia-con-etwinning\" target=\"_blank\">STEAM: dise\u00f1a el futuro de la ciencia con eTwinning<\/a>\u201d, se va a celebrar el webinar&nbsp;<strong>\u00bb&nbsp;STEAM en diferentes etapas educativas&nbsp;\u00bb&nbsp;<\/strong>el pr\u00f3ximo&nbsp;<strong>lunes&nbsp;d\u00eda&nbsp;9&nbsp;de&nbsp;octubre&nbsp;a las 17.30 horas<\/strong>. Para acceder al webinar es necesario estar registrado en eTwinning previamente y&nbsp;<strong>acceder el d\u00eda del webinar desde el siguiente enlace :<\/strong> <strong>&nbsp;<\/strong><a rel=\"noreferrer noopener\" href=\"https:\/\/join.skype.com\/qzB2XYYgOsSc\" target=\"_blank\"><strong>https:\/\/join.skype.com\/qzB2XYYgOsSc<\/strong><\/a><\/p>\n\n\n\n<p>Hoy se ha lanzado la quinta edici\u00f3n de los NOOCs eTwinning y comienzan con el&nbsp;<strong>NOOC eTwinning en ESEP.<\/strong><a rel=\"noreferrer noopener\" href=\"https:\/\/etwinning.es\/es\/abierto-el-plazo-de-inscripcion-noocs-etwinning\/\" target=\"_blank\"> <\/a><a rel=\"noreferrer noopener\" href=\"https:\/\/etwinning.es\/es\/abierto-el-plazo-de-inscripcion-noocs-etwinning\/\" target=\"_blank\">https:\/\/etwinning.es\/es\/abierto-el-plazo-de-inscripcion-noocs-etwinning\/<\/a><\/p>\n\n\n<div class=\"wp-block-image is-style-rounded\">\n<figure class=\"aligncenter size-large is-resized\"><img loading=\"lazy\" decoding=\"async\" width=\"1024\" height=\"512\" src=\"https:\/\/somosdelprieto.com\/wp-content\/uploads\/2022\/09\/new-year-gb15706f7b_1280-1024x512.png\" alt=\"\" class=\"wp-image-12610\" style=\"width:340px;height:170px\" srcset=\"https:\/\/somosdelprieto.com\/wp-content\/uploads\/2022\/09\/new-year-gb15706f7b_1280-1024x512.png 1024w, https:\/\/somosdelprieto.com\/wp-content\/uploads\/2022\/09\/new-year-gb15706f7b_1280-300x150.png 300w, https:\/\/somosdelprieto.com\/wp-content\/uploads\/2022\/09\/new-year-gb15706f7b_1280-768x384.png 768w, https:\/\/somosdelprieto.com\/wp-content\/uploads\/2022\/09\/new-year-gb15706f7b_1280.png 1280w\" sizes=\"auto, (max-width: 767px) 89vw, (max-width: 1000px) 54vw, (max-width: 1071px) 543px, 580px\" \/><\/figure>\n<\/div>\n\n\n<p>Formaci\u00f3n SNA-INTEF:<\/p>\n\n\n\n<p>o&nbsp;&nbsp;&nbsp;Vuelven los \u201c<strong>Encuentros Did\u00e1cticos Nacionales<\/strong>\u201d. \u00a1Inscr\u00edbete! M\u00e1s info&nbsp;\u00e0&nbsp;<a href=\"https:\/\/etwinning.es\/es\/formacion-en-linea-encuentros-didacticos-nacionales\/\" target=\"_blank\" rel=\"noreferrer noopener\">Formaci\u00f3n en l\u00ednea: Encuentros did\u00e1cticos nacionales | eTwinning |<\/a><\/p>\n\n\n\n<p>o&nbsp;&nbsp;&nbsp;Ya est\u00e1 abierto el plazo de inscripci\u00f3n en el&nbsp;<strong>MOOC eTwinning en abierto (6\u00aaed.)<\/strong><\/p>\n\n\n\n<p><a href=\"https:\/\/etwinning.es\/es\/mooc-etwinning-en-abierto-6a-ed-2023\/\" target=\"_blank\" rel=\"noreferrer noopener\">MOOC \u00abeTwinning en abierto\u00bb (6\u00aa ed.) 2023 | eTwinning |<\/a><\/p>\n\n\n\n<p>Te presentamos&nbsp;<strong>3 nuevos videotutoriales<\/strong>&nbsp;que el Servicio Nacional de Apoyo eTwinning ha realizado para explicar y difundir la acci\u00f3n eTwinning:<\/p>\n\n\n\n<p>\u00fc&nbsp;&nbsp;<a href=\"https:\/\/etwinning.es\/es\/nuevos-videos-de-asistencia-etwinning\/\" target=\"_blank\" rel=\"noreferrer noopener\">https:\/\/etwinning.es\/es\/nuevos-videos-de-asistencia-etwinning\/<\/a><\/p>\n\n\n\n<p>Formaci\u00f3n en&nbsp;European School Education Platform:<\/p>\n\n\n\n<p>\u00b7&nbsp;&nbsp;&nbsp;&nbsp;&nbsp;&nbsp;&nbsp;<strong>MOOC<\/strong>:<a href=\"https:\/\/school-education.ec.europa.eu\/en\/professional-development\/courses\/unleashing-potential-peer-support-school\" target=\"_blank\" rel=\"noreferrer noopener\">Unleashing the Potential of Peer Support at School<\/a>, 27.03<\/p>\n\n\n\n<p>\u00b7&nbsp;&nbsp;&nbsp;&nbsp;&nbsp;&nbsp;&nbsp;<strong>Webinar<\/strong>:<a href=\"https:\/\/school-education.ec.europa.eu\/en\/professional-development\/webinars\/exploring-paths-project-based-learning\" target=\"_blank\" rel=\"noreferrer noopener\">Exploring the Paths of Project-Based Learning<\/a>&nbsp;27.03 a las 16:00 CET.<\/p>\n\n\n\n<p>\u00b7&nbsp;&nbsp;&nbsp;&nbsp;&nbsp;&nbsp;&nbsp;<strong>Webinar<\/strong>:<a href=\"https:\/\/school-education.ec.europa.eu\/en\/professional-development\/webinars\/enhancing-school-experience-through-peer-support-finnish-schools\" target=\"_blank\" rel=\"noreferrer noopener\">Enhancing the School Experience through Peer Support in Finnish Schools<\/a>, 28.03 a las 16:00 CET.<\/p>\n\n\n\n<p>\u00b7&nbsp;&nbsp;&nbsp;&nbsp;&nbsp;&nbsp;&nbsp;<strong>Self-paced course<\/strong><strong>:&nbsp;<\/strong><a href=\"https:\/\/school-education.ec.europa.eu\/en\/professional-development\/courses\/self-paced-course-erasmus-funding-opportunities-schools\" target=\"_blank\" rel=\"noreferrer noopener\">Erasmus+ funding opportunities for schools<\/a>.<strong><\/strong><\/p>\n\n\n\n<p>Art\u00edculos y recursos en ESEP:<\/p>\n\n\n\n<p>\u00b7&nbsp;&nbsp;&nbsp;&nbsp;&nbsp;&nbsp;&nbsp;<strong>Pr\u00e1ctica<\/strong>:<a href=\"https:\/\/school-education.ec.europa.eu\/en\/insights\/practices\/alternative-approaches-innovative-teaching-and-learning\" target=\"_blank\" rel=\"noreferrer noopener\">Alternative approaches for innovative teaching and learning<\/a><\/p>\n\n\n\n<p>\u00b7&nbsp;&nbsp;&nbsp;&nbsp;&nbsp;&nbsp;&nbsp;<strong>Noticias:&nbsp;<\/strong><a href=\"https:\/\/school-education.ec.europa.eu\/en\/insights\/news\/entrepreneurship-competence-planting-seed\" target=\"_blank\" rel=\"noreferrer noopener\">Entrepreneurship competence: planting the seed of creativity and innovation in the minds of the European youth<\/a><\/p>\n\n\n\n<p>\u00b7&nbsp;&nbsp;&nbsp;&nbsp;&nbsp;&nbsp;&nbsp;<strong>Encuesta<\/strong>:<a href=\"https:\/\/school-education.ec.europa.eu\/en\/insights\/viewpoints\/survey-citizenship-education\" target=\"_blank\" rel=\"noreferrer noopener\">&nbsp;citizenship education and the European dimension of teaching<\/a><\/p>\n\n\n\n<p>                     <strong><span class=\"has-inline-color has-vivid-red-color\">Importante:<\/span><\/strong> <\/p>\n\n\n\n<p>El pasado s\u00e1bado 11 de febrero de 2023 fue publicado en el BOE el Extracto de la Resoluci\u00f3n de la Secretar\u00eda de Estado de Educaci\u00f3n, por la que se convocan los Premios Nacionales eTwinning 2023.&nbsp;<strong>El plazo de solicitud ser\u00e1 de 20 d\u00edas h\u00e1biles a partir del d\u00eda h\u00e1bil siguiente a su publicaci\u00f3n en BOE, es decir, del 13 de febrero al 10 de marzo de 2023&nbsp;<\/strong>(ambos incluidos). Se acaba de publicar un art\u00edculo sobre ello en el portal nacional.&nbsp;<strong><a rel=\"noreferrer noopener\" href=\"https:\/\/etwinning.es\/es\/convocatoria-de-premios-nacionales-etwinning-2023\/\" target=\"_blank\">ENLACE<\/a><\/strong><\/p>\n\n\n\n<p><a href=\"http:\/\/etwinning.es\/es\/novedades-plataforma-europea-de-educacion-escolar\/\" data-type=\"URL\" data-id=\"http:\/\/etwinning.es\/es\/novedades-plataforma-europea-de-educacion-escolar\/\" target=\"_blank\" rel=\"noreferrer noopener\">Novedades sobre la nueva plataforma <\/a>( mes de Octubre)<\/p>\n\n\n\n<p><a href=\"http:\/\/etwinning.es\/es\/novedades-sobre-la-plataforma-europea-de-educacion-escolar\/http:\/\/etwinning.es\/es\/novedades-sobre-la-plataforma-europea-de-educacion-escolar\/\" data-type=\"URL\" data-id=\"http:\/\/etwinning.es\/es\/novedades-sobre-la-plataforma-europea-de-educacion-escolar\/http:\/\/etwinning.es\/es\/novedades-sobre-la-plataforma-europea-de-educacion-escolar\/\">Novedades sobre la nueva plataforma<\/a>( mes de Septiembre)<\/p>\n\n\n<div class=\"wp-block-image is-style-rounded\">\n<figure class=\"aligncenter size-large is-resized\"><img loading=\"lazy\" decoding=\"async\" width=\"1024\" height=\"717\" src=\"https:\/\/somosdelprieto.com\/wp-content\/uploads\/2022\/01\/celebration-g0bbd9f4e4_1280-1024x717.png\" alt=\"\" class=\"wp-image-8587\" style=\"width:172px;height:120px\" srcset=\"https:\/\/somosdelprieto.com\/wp-content\/uploads\/2022\/01\/celebration-g0bbd9f4e4_1280-1024x717.png 1024w, https:\/\/somosdelprieto.com\/wp-content\/uploads\/2022\/01\/celebration-g0bbd9f4e4_1280-300x210.png 300w, https:\/\/somosdelprieto.com\/wp-content\/uploads\/2022\/01\/celebration-g0bbd9f4e4_1280-768x538.png 768w, https:\/\/somosdelprieto.com\/wp-content\/uploads\/2022\/01\/celebration-g0bbd9f4e4_1280.png 1280w\" sizes=\"auto, (max-width: 767px) 89vw, (max-width: 1000px) 54vw, (max-width: 1071px) 543px, 580px\" \/><\/figure>\n<\/div>\n\n\n<p class=\"has-text-align-center\"><strong><span class=\"has-inline-color has-vivid-green-cyan-color\">CURSO 2021- 2022<\/span><\/strong><\/p>\n\n\n\n<p><a rel=\"noreferrer noopener\" href=\"Novedades sobre la nueva plataforma\" target=\"_blank\">IMPORTANTE: <\/a><a rel=\"noreferrer noopener\" href=\"http:\/\/etwinning.es\/es\/comunicado-sobre-la-nueva-plataforma-etwinning\/\" data-type=\"URL\" data-id=\"http:\/\/etwinning.es\/es\/comunicado-sobre-la-nueva-plataforma-etwinning\/\" target=\"_blank\">Comunidado sobre la nueva plataforma<\/a><\/p>\n\n\n\n<p><\/p>\n\n\n\n<p>Inscripci\u00f3n en los cursos&nbsp;<strong><u>Proyecta eTwinning (nivel inicial)<\/u><\/strong>&nbsp;&nbsp;e&nbsp;<strong><u>Integra eTwinning (nivel avanzado)<\/u><\/strong>&nbsp;tambi\u00e9n hasta el 7 de junio en el mismo enlace.<\/p>\n\n\n\n<p><strong>FORMACI\u00d3N<\/strong><\/p>\n\n\n\n<p><a rel=\"noreferrer noopener\" href=\"http:\/\/etwinning.es\/es\/cursos-en-linea-tutorizados-etwinning\/\" data-type=\"URL\" data-id=\"http:\/\/etwinning.es\/es\/cursos-en-linea-tutorizados-etwinning\/\" target=\"_blank\">Cursos tutorizados en l\u00ednea (<strong>Embajada eTwinning \/ Proyecta eTwinning \/ Integra eTwinning<\/strong>)<\/a>&nbsp;&nbsp;<\/p>\n\n\n\n<p><a rel=\"noreferrer noopener\" href=\"http:\/\/etwinning.es\/es\/eventos-de-formacion-etwinning-2022-listados-prov\/\" data-type=\"URL\" data-id=\"http:\/\/etwinning.es\/es\/eventos-de-formacion-etwinning-2022-listados-prov\/\" target=\"_blank\">Eventos de formaci\u00f3n eTwinning 2022. Listados provisionales de admitidos con baremo<\/a>&nbsp;<\/p>\n\n\n\n<p><strong>PREMIOS<\/strong><\/p>\n\n\n\n<p><a href=\"http:\/\/etwinning.es\/es\/premios-nacionales-2022-listado-definitivo-de-admitidos-y-excluidos\/\" data-type=\"URL\" data-id=\"http:\/\/etwinning.es\/es\/premios-nacionales-2022-listado-definitivo-de-admitidos-y-excluidos\/\" target=\"_blank\" rel=\"noreferrer noopener\">Premios Nacionales 2022. Listado definitivo de admitidos y excluidos&nbsp;<\/a><\/p>\n\n\n\n<p><strong>PLATAFORMA EUROPEA DE EDUCACI\u00d3N ESCOLAR<\/strong><\/p>\n\n\n\n<p><a href=\"http:\/\/etwinning.es\/es\/plataforma-europea-de-educacion-escolar-preguntas-mas-frecuentes\/\" data-type=\"URL\" data-id=\"http:\/\/etwinning.es\/es\/plataforma-europea-de-educacion-escolar-preguntas-mas-frecuentes\/\" target=\"_blank\" rel=\"noreferrer noopener\">Preguntas m\u00e1s frecuentes<\/a><\/p>\n\n\n\n<p><a href=\"http:\/\/etwinning.es\/es\/lanzamiento-de-la-nueva-plataforma-europea-de-educacion-escolar\/\" data-type=\"URL\" data-id=\"http:\/\/etwinning.es\/es\/lanzamiento-de-la-nueva-plataforma-europea-de-educacion-escolar\/\" target=\"_blank\" rel=\"noreferrer noopener\">Lanzamiento de la nueva plataforma europea de educaci\u00f3n escolar&nbsp;<\/a><\/p>\n\n\n\n<p><a href=\"http:\/\/etwinning.es\/es\/como-crear-tu-cuenta-eu-login\/\" data-type=\"URL\" data-id=\"http:\/\/etwinning.es\/es\/como-crear-tu-cuenta-eu-login\/\" target=\"_blank\" rel=\"noreferrer noopener\">C\u00f3mo crear tu cuenta EU Login&nbsp;<\/a><\/p>\n\n\n\n<p><a href=\"http:\/\/etwinning.es\/es\/plazo-limite-para-solicitar-sellos-de-calidad-nacional-2022\/\" data-type=\"URL\" data-id=\"http:\/\/etwinning.es\/es\/plazo-limite-para-solicitar-sellos-de-calidad-nacional-2022\/\" target=\"_blank\" rel=\"noreferrer noopener\">Actualizaci\u00f3n del plazo l\u00edmite para solicitar Sellos de Calidad Nacional 2022<\/a>&nbsp;<\/p>\n\n\n\n<p>Webminar:<a rel=\"noreferrer noopener\" href=\"https:\/\/live.etwinning.net\/events\/event\/307437\" data-type=\"URL\" data-id=\"https:\/\/live.etwinning.net\/events\/event\/307437\" target=\"_blank\">\u201cSTEAM en diferentes etapas educativas\u201d <\/a>Fecha: 31\/05\/2022 \u2013 18:00<\/p>\n\n\n\n<ul class=\"wp-block-list\">\n<li><a href=\"http:\/\/etwinning.es\/es\/nuevas-videoanimaciones-de-la-accion-etwinning\/\" data-type=\"URL\" data-id=\"http:\/\/etwinning.es\/es\/nuevas-videoanimaciones-de-la-accion-etwinning\/\" target=\"_blank\" rel=\"noreferrer noopener\">Nuevas videoanimaciones de la acci\u00f3n eTwinning <\/a><\/li>\n\n\n\n<li><a href=\"http:\/\/etwinning.es\/es\/inscripcion-en-los-3-ultimos-noocs-etwinning-4a-edicion\/\" data-type=\"URL\" data-id=\"http:\/\/etwinning.es\/es\/inscripcion-en-los-3-ultimos-noocs-etwinning-4a-edicion\/\" target=\"_blank\" rel=\"noreferrer noopener\">Inscripci\u00f3n en los 3 \u00faltimos NOOCs eTwinning (4\u00aa)edici\u00f3n<\/a><\/li>\n\n\n\n<li>05 de mayo a las 17h.: \u201c<strong>Virgilio, the power of collaboration and quality in eTwinning projects<\/strong>\u201d. Reg\u00edstrate&nbsp;<a href=\"https:\/\/teams.microsoft.com\/registration\/8Rgd4hIhz06mfNIK7b0Ysw,q16qCkeBaE-s0C34tLLxrA,6MXVlrmu_0Gv-44uwfK40w,4fBYNcq0wUGL2tj7Nyj1SA,IRY78AbaNkm5yZa-FgjUrA,k5h290fL80CkzpQDu8dF-Q?mode=read&amp;tenantId=e21d18f1-2112-4ecf-a67c-d20aedbd18b3\" target=\"_blank\" rel=\"noreferrer noopener\">aqu\u00ed<\/a>.<\/li>\n<\/ul>\n\n\n\n<p><a href=\"http:\/\/etwinning.es\/es\/convocatoria-de-premios-nacionales-etwinning-2022\/\" target=\"_blank\" rel=\"noreferrer noopener\">http:\/\/etwinning.es\/es\/convocatoria-de-premios-nacionales-etwinning-2022\/<\/a><\/p>\n\n\n\n<p><a href=\"http:\/\/etwinning.es\/es\/plazo-limite-para-solicitar-sellos-de-calidad-nacional-2022\/\" data-type=\"URL\" data-id=\"http:\/\/etwinning.es\/es\/plazo-limite-para-solicitar-sellos-de-calidad-nacional-2022\/\">Debido al cambio de la nueva plataforma se ha establecido un plazo l\u00edmite para solicitar sellos de calidad nacional en 2022.<\/a><\/p>\n\n\n\n<p><br><a rel=\"noreferrer noopener\" href=\"http:\/\/etwinning.es\/es\/plataforma-europea-de-educacion-escolar-preguntas-mas-frecuentes\/\" target=\"_blank\">Plataforma Europea de Educaci\u00f3n Escolar: Preguntas m\u00e1s frecuentes | eTwinning |<\/a><\/p>\n\n\n\n<p>Novedades: &nbsp;<a href=\"http:\/\/etwinning.es\/es\/informacion-sobre-el-eu-login-y-la-nueva-plataforma-europea-de-educacion-escolar\/\" data-type=\"URL\" data-id=\"http:\/\/etwinning.es\/es\/informacion-sobre-el-eu-login-y-la-nueva-plataforma-europea-de-educacion-escolar\/\" target=\"_blank\" rel=\"noreferrer noopener\">En mayo de 2022, el contenido de las plataformas de la Comisi\u00f3n Europea School Education Gateway y eTwinning migrar\u00e1 para crear la nueva Plataforma Europea de Educaci\u00f3n Escolar. As\u00ed, todos los contenidos y servicios estar\u00e1n disponibles en un \u00fanico lugar.<\/a><\/p>\n\n\n\n<p><a rel=\"noreferrer noopener\" href=\"http:\/\/etwinning.es\/es\/novedades-en-la-solicitud-de-sello-de-calidad-nacional\/\" data-type=\"URL\" data-id=\"http:\/\/etwinning.es\/es\/novedades-en-la-solicitud-de-sello-de-calidad-nacional\/\" target=\"_blank\">Cambios y Novedades en la solicitud de Sellos de Calidad de Proyectos eTwinning<\/a><\/p>\n\n\n\n<p><a href=\"https:\/\/www.etwinning.net\/en\/pub\/newsroom\/highlights\/countdown-school-edu-platform.htm\" data-type=\"URL\" data-id=\"https:\/\/www.etwinning.net\/en\/pub\/newsroom\/highlights\/countdown-school-edu-platform.htm\" target=\"_blank\" rel=\"noreferrer noopener\">Cambios en la Plataforma eTwinning. El portal de SEG y de eTwinning se fusionar\u00e1n en \u00abThe European School Education Platform\u00bb <\/a><\/p>\n\n\n\n<p>Tema eTwinning 2022:  \u201c<em>Our future: beautiful, sustainable, together. Schools and the New European Bauhaus: Imagining a creative learning environment in green and inclusive schools.\u201d<\/em>&nbsp;<\/p>\n\n\n\n<p>La&nbsp;<strong>Comisi\u00f3n Europea<\/strong>&nbsp;ha puesto en marcha una&nbsp;<strong>encuesta<\/strong>&nbsp;en toda la UE sobre el uso de la AI y los datos en la educaci\u00f3n y la formaci\u00f3n. &nbsp;<a rel=\"noreferrer noopener\" href=\"https:\/\/ec.europa.eu\/eusurvey\/runner\/AIDATAsurvey\" target=\"_blank\">https:\/\/ec.europa.eu\/eusurvey\/runner\/AIDATAsurvey<\/a><\/p>\n\n\n\n<p><strong>SCHOOL EDUCATION GATEWAY<\/strong>&nbsp;ha decidido que el tema mensual de febrero es \u00abBellas, sostenibles, juntas: las escuelas y la nueva Bauhaus europea\u00bb, que coincide con el tema del a\u00f1o en eTwinning.<\/p>\n\n\n\n<p>Tutorial:<\/p>\n\n\n\n<p>&nbsp;<a rel=\"noreferrer noopener\" href=\"https:\/\/www.schooleducationgateway.eu\/en\/pub\/resources\/tutorials\/school-under-reconstruction.htm\" target=\"_blank\">https:\/\/www.schooleducationgateway.eu\/en\/pub\/resources\/tutorials\/school-under-reconstruction.htm<\/a><\/p>\n\n\n\n<p>Material did\u00e1ctico:&nbsp;<\/p>\n\n\n\n<p><a rel=\"noreferrer noopener\" href=\"https:\/\/www.schooleducationgateway.eu\/en\/pub\/teacher_academy\/teaching_materials\/blended-learning-scenarios.htm\" target=\"_blank\">https:\/\/www.schooleducationgateway.eu\/en\/pub\/teacher_academy\/teaching_materials\/blended-learning-scenarios.htm<\/a><\/p>\n\n\n\n<p>V\u00eddeo sobre pr\u00e1cticas inclusivas:&nbsp;<\/p>\n\n\n\n<p><a rel=\"noreferrer noopener\" href=\"https:\/\/www.schooleducationgateway.eu\/en\/pub\/resources\/toolkitsforschools\/videos.htm\" target=\"_blank\">https:\/\/www.schooleducationgateway.eu\/en\/pub\/resources\/toolkitsforschools\/videos.htm<\/a><\/p>\n\n\n\n<p>Nuevos recursos sobre la educaci\u00f3n inclusiva en la caja de herramientas europea para las escuelas:<\/p>\n\n\n\n<p><a href=\"https:\/\/www.schooleducationgateway.eu\/en\/pub\/resources\/toolkitsforschools\/latest_resources.htm\">https:\/\/www.schooleducationgateway.eu\/en\/pub\/resources\/toolkitsforschools\/latest_resources.htm<\/a><\/p>\n\n\n\n<p><span class=\"has-inline-color has-pale-pink-color\">3\u00aa SEMANA DE JUNIO<\/span><\/p>\n\n\n\n<p><strong>PORTAL NACIONAL<\/strong><\/p>\n\n\n\n<p><em><strong><a href=\"http:\/\/etwinning.es\/es\/spooc-etwinning-en-abierto-nueva-edicion\/\">SPOOC \u201ceTwinning en abierto\u201d<\/a><\/strong><\/em><\/p>\n\n\n\n<p><br><strong>DESARROLLO PROFESIONAL ETWINNING LIVE<\/strong><\/p>\n\n\n\n<p>&#8211;&nbsp;<a href=\"https:\/\/teams.microsoft.com\/registration\/8Rgd4hIhz06mfNIK7b0Ysw,CT8uL3SDkUGQk4HQTCxZQA,sDaIkFN2h02VzggbtgqLtQ,PB0YdKCiaEqFWEbv1sjppQ,l8n9QQqqyUyiPErXaYlAjw,-F2UC-61_0Kfh3D3UUKHbg?mode=read&amp;tenantId=e21d18f1-2112-4ecf-a67c-d20aedbd18b3\">eTwinning mini online seminar on eSafety<\/a><\/p>\n\n\n\n<p>&#8211; <a href=\"https:\/\/groups.etwinning.net\/30442\/pages\/page\/654109\">ITE Practice sharing 28 June<\/a><\/p>\n\n\n\n<p><a href=\"https:\/\/groups.etwinning.net\/68026\/pages\/page\/413140\">&#8211;&nbsp;eTwinning Schools 30 June<\/a><\/p>\n\n\n\n<p><strong>PORTAL EUROPEO<\/strong><\/p>\n\n\n\n<p><strong>&#8211; Noticias:&nbsp;<\/strong><em><a href=\"https:\/\/www.etwinning.net\/es\/pub\/newsroom\/highlights\/tackling-challenges-of-educati.htm\">Red de amistad de eTwinning: afrontar desaf\u00edos de la educaci\u00f3n con ACNUR<\/a><\/em><\/p>\n\n\n\n<p><strong>SCHOOL EDUCATION GATEWAY<\/strong><\/p>\n\n\n\n<p><strong>&#8211; Tema del mes:<\/strong>&nbsp;&nbsp;<a rel=\"noreferrer noopener\" href=\"https:\/\/www.schooleducationgateway.eu\/es\/pub\/search.htm?topic=40\" data-type=\"URL\" data-id=\"https:\/\/www.schooleducationgateway.eu\/es\/pub\/search.htm?topic=40\" target=\"_blank\"><em><strong>Las comunidades de aprendizaje<\/strong><\/em>. <\/a><\/p>\n\n\n\n<p>&#8211;&nbsp;<strong>Pr\u00e1ctica:&nbsp;<\/strong><em><a href=\"https:\/\/www.schooleducationgateway.eu\/es\/pub\/latest\/practices\/reopening-of-schools.htm\">Reapertura de los centros educativos: nuevas oportunidades de colaboraci\u00f3n entre los centros y otras partes interesadas<\/a>.<\/em><\/p>\n\n\n\n<p>&#8211;&nbsp;<strong>Publicaci\u00f3n:&nbsp;<\/strong><em><a href=\"https:\/\/www.schooleducationgateway.eu\/es\/pub\/resources\/publications\/tvet-skills-climate-change.htm\" data-type=\"URL\" data-id=\"https:\/\/www.schooleducationgateway.eu\/es\/pub\/resources\/publications\/tvet-skills-climate-change.htm\" target=\"_blank\" rel=\"noreferrer noopener\">Desarrollo de competencias y planes de acci\u00f3n contra el cambio clim\u00e1tico: mejorar la contribuci\u00f3n de la EFTP<\/a><\/em><\/p>\n\n\n\n<p>&#8211;&nbsp;<strong>Pr\u00e1ctica:&nbsp;<\/strong><em><a href=\"https:\/\/www.schooleducationgateway.eu\/es\/pub\/latest\/practices\/rijdende-school.htm\" data-type=\"URL\" data-id=\"https:\/\/www.schooleducationgateway.eu\/es\/pub\/latest\/practices\/rijdende-school.htm\" target=\"_blank\" rel=\"noreferrer noopener\">Escolarizaci\u00f3n para familias n\u00f3madas: aprendizaje combinado en la escuela Rijdende<\/a><\/em><\/p>\n\n\n\n<p><span class=\"has-inline-color has-luminous-vivid-amber-color\">2\u00aa SEMANA DE JUNIO<\/span><\/p>\n\n\n\n<p><em><a rel=\"noreferrer noopener\" href=\"http:\/\/etwinning.es\/es\/inscribete-ya-en-integra-etwinning-curso-tutorizado-2\/\" target=\"_blank\"> \u201cIntegra eTwinning\u201d curso tutorizado<\/a><\/em><\/p>\n\n\n\n<p><em><a rel=\"noreferrer noopener\" href=\"http:\/\/etwinning.es\/es\/solicita-tu-megainsignia-etwinning\/\" data-type=\"URL\" data-id=\"http:\/\/etwinning.es\/es\/solicita-tu-megainsignia-etwinning\/\" target=\"_blank\">Solicita tu mega-insignia eTwinning<\/a><\/em><\/p>\n\n\n\n<p><strong><u>PORTAL EUROPEO<\/u><\/strong><\/p>\n\n\n\n<p><strong><a rel=\"noreferrer noopener\" href=\"https:\/\/www.etwinning.net\/es\/pub\/newsroom\/highlights\/etwinning-is-now-available-in-.htm\" target=\"_blank\">&#8211; Noticias:&nbsp;<\/a><\/strong><em><a rel=\"noreferrer noopener\" href=\"https:\/\/www.etwinning.net\/es\/pub\/newsroom\/highlights\/etwinning-is-now-available-in-.htm\" target=\"_blank\">eTwinning ya est\u00e1 disponible en irland\u00e9s e island\u00e9s<\/a><\/em><\/p>\n\n\n\n<p><span class=\"has-inline-color has-luminous-vivid-orange-color\">1\u00aa SEMANA DE JUNIO<\/span><\/p>\n\n\n\n<p><a rel=\"noreferrer noopener\" href=\"https:\/\/twinspace.etwinning.net\/10080\/online-meetings\/event\/166939\" data-type=\"URL\" data-id=\"https:\/\/twinspace.etwinning.net\/10080\/online-meetings\/event\/166939\" target=\"_blank\"><strong>La app del mes &#8211; <\/strong><\/a>Jos\u00e9 Luis Garc\u00eda, embajador de Castilla y Le\u00f3n, nos expondr\u00e1 ma\u00f1ana a las 16:00 h. la herramienta Eduloc<\/p>\n\n\n\n<p><strong><u>Desarrollo profesional<\/u><\/strong><\/p>\n\n\n\n<p>Estos son los eventos de esta semana:<\/p>\n\n\n\n<ul class=\"wp-block-list\">\n<li>31.05.2021 a las 17:00 CEST:&nbsp;<a href=\"https:\/\/live.etwinning.net\/events\/event\/205897\" target=\"_blank\" rel=\"noreferrer noopener\"><strong>eTwinning Webinar 2021: How does media literacy fit to your classroom?<\/strong><\/a><\/li>\n\n\n\n<li>01.06.2021&nbsp;a las&nbsp;16:00 CEST:<strong>&nbsp;<\/strong><a href=\"https:\/\/live.etwinning.net\/professionaldevelopment\/onlineseminar\/213795\" target=\"_blank\" rel=\"noreferrer noopener\"><strong>Growing, learning, sharing and having fun with the Sustainable Development Goals!<\/strong><\/a><\/li>\n\n\n\n<li>03.06.2021&nbsp;a las&nbsp;17:00 CEST:&nbsp;<a href=\"https:\/\/live.etwinning.net\/professionaldevelopment\/onlineseminar\/214261\" target=\"_blank\" rel=\"noreferrer noopener\"><strong>\u00abEnvironmental disinformation: the cases of climate change and the origins of covid-19\u00bb<\/strong><\/a><\/li>\n<\/ul>\n\n\n\n<ol class=\"wp-block-list\">\n<li><strong>MOOC-based learning<\/strong>. Este&nbsp;<a href=\"https:\/\/academy.schooleducationgateway.eu\/en\/web\/mooc-based-learning\/home?p_p_id=82&amp;p_p_lifecycle=1&amp;p_p_state=normal&amp;p_p_mode=view&amp;p_p_col_pos=9&amp;p_p_col_count=10&amp;_82_struts_action=%2Flanguage%2Fview&amp;_82_redirect=%2Fen%2Fweb%2Fmooc-based-learning\" target=\"_blank\" rel=\"noreferrer noopener\">curso abierto&nbsp;<\/a><a href=\"https:\/\/academy.schooleducationgateway.eu\/en\/web\/mooc-based-learning\/home?p_p_id=82&amp;p_p_lifecycle=1&amp;p_p_state=normal&amp;p_p_mode=view&amp;p_p_col_pos=9&amp;p_p_col_count=10&amp;_82_struts_action=%2Flanguage%2Fview&amp;_82_redirect=%2Fen%2Fweb%2Fmooc-based-learning\" target=\"_blank\" rel=\"noreferrer noopener\"><\/a>ayudar\u00e1 a los participantes a crear grupos de estudio en los centros para abordar los retos comunes asociados al desarrollo profesional docente en l\u00ednea. Es abierto y los participantes.<\/li>\n\n\n\n<li><strong>School leadership for innovation<\/strong>.&nbsp;<a href=\"https:\/\/academy.schooleducationgateway.eu\/en\/web\/school-leadership-for-school-innovation\/home?p_p_id=82&amp;p_p_lifecycle=1&amp;p_p_state=normal&amp;p_p_mode=view&amp;p_p_col_pos=8&amp;p_p_col_count=10&amp;_82_struts_action=%2Flanguage%2Fview&amp;_82_redirect=%2Fen%2Fweb%2Fschool-leadership-for-school-innovation\" target=\"_blank\" rel=\"noreferrer noopener\">Curso<\/a>&nbsp;de 2 semanas que ayudar\u00e1 a los participantes a comprender el concepto de liderazgo escolar y su papel en la promoci\u00f3n de la innovaci\u00f3n escolar. Solicitudes hasta el 16 de junio.<\/li>\n<\/ol>\n\n\n\n<p><span class=\"has-inline-color has-luminous-vivid-orange-color\">SEMANA DEL 03 DE MAYO<\/span><\/p>\n\n\n\n<p><strong><u>DESARROLLO PROFESIONAL<\/u><\/strong><\/p>\n\n\n\n<p>05.05.2021 a las17:00&nbsp;<a href=\"https:\/\/teams.microsoft.com\/dl\/launcher\/launcher.html?url=%2F_%23%2Fl%2Fmeetup-join%2F19%3Ameeting_MjEzMTUzYzQtYTA0Mi00NzBjLTkzMTUtMTVmY2Y3NTc4OGJm%40thread.v2%2F0%3Fcontext%3D%257b%2522Tid%2522%253a%2522e21d18f1-2112-4ecf-a67c-d20aedbd18b3%2522%252c%2522Oid%2522%253a%2522dbbdf911-d598-4de1-90bc-0b29329bf1ba%2522%257d%26anon%3Dtrue&amp;type=meetup-join&amp;deeplinkId=588b26e1-9133-4fdb-bd18-c7b30ac0f67b&amp;directDl=true&amp;msLaunch=true&amp;enableMobilePage=true&amp;suppressPrompt=true\" target=\"_blank\" rel=\"noreferrer noopener\">Developing critical thinking and digital information literacy skills<\/a><\/p>\n\n\n\n<p>Est\u00e1s a tiempo de unirte al <a rel=\"noreferrer noopener\" href=\"http:\/\/etwinning.es\/es\/estas-a-tiempo-de-unirte-al-mooc-etwinning-en-abierto\/\" target=\"_blank\">MOOC \u201ceTwinning en abierto<\/a>\u201d<\/p>\n\n\n\n<p><strong><u>PORTAL EUROPEO<\/u><\/strong><\/p>\n\n\n\n<p><em><a href=\"https:\/\/www.etwinning.net\/es\/pub\/newsroom\/highlights\/etwinning-in-early-childhood-e.htm\" target=\"_blank\" rel=\"noreferrer noopener\">eTwinning en la educaci\u00f3n y atenci\u00f3n a la primera infancia: concepto, motivaci\u00f3n y pr\u00e1ctica<\/a><\/em><\/p>\n\n\n\n<p><em><a href=\"https:\/\/www.etwinning.net\/es\/pub\/newsroom\/highlights\/etwinning-in-poland---a-small-.htm\" target=\"_blank\" rel=\"noreferrer noopener\">eTwinning en Polonia: un peque\u00f1o colegio rural en el pintoresco valle del r\u00edo Wieprz<\/a><\/em><\/p>\n\n\n\n<p><strong>SCHOOL EDUCATION GATEWAY<\/strong><\/p>\n\n\n\n<p><strong>&#8211; Recursos:<\/strong><em>&nbsp;<a href=\"https:\/\/www.schooleducationgateway.eu\/es\/pub\/resources\/publications\/youth-for-just-transition.htm\" target=\"_blank\" rel=\"noreferrer noopener\">Un conjunto de herramientas para la participaci\u00f3n de la juventud en el Fondo de Transici\u00f3n Justa<\/a><\/em><\/p>\n\n\n\n<p><strong>&#8211; Noticias:&nbsp;<\/strong><em><a href=\"https:\/\/www.schooleducationgateway.eu\/es\/pub\/latest\/news\/join-community-of-european-vet.htm\" target=\"_blank\" rel=\"noreferrer noopener\">Una oportunidad para unirse a una comunidad europea en l\u00ednea de profesionales de EFP<\/a><\/em><\/p>\n\n\n\n<p><strong>&#8211; Noticias:&nbsp;<\/strong><em><a href=\"https:\/\/www.schooleducationgateway.eu\/es\/pub\/latest\/news\/the-new-erasmus-plus-programme.htm\" data-type=\"URL\" data-id=\"https:\/\/www.schooleducationgateway.eu\/es\/pub\/latest\/news\/the-new-erasmus-plus-programme.htm\" target=\"_blank\" rel=\"noreferrer noopener\">\u00a1Buenas noticias! \u00a1Ya est\u00e1 aqu\u00ed el nuevo Programa Erasmus+!<\/a><\/em><\/p>\n\n\n\n<p>&#8211;&nbsp;<strong>Curso e<\/strong>n lengua inglesa<strong>:&nbsp;<\/strong><a href=\"https:\/\/academy.schooleducationgateway.eu\/en\/web\/erasmus-2021\/home?p_p_id=82&amp;p_p_lifecycle=1&amp;p_p_state=normal&amp;p_p_mode=view&amp;p_p_col_pos=8&amp;p_p_col_count=9&amp;_82_struts_action=%2Flanguage%2Fview&amp;_82_redirect=%2Fen%2Fweb%2Ferasmus-2021\" target=\"_blank\" rel=\"noreferrer noopener\">&nbsp;<em>Erasmus+ Funding Opportunities for Schools &#8211; 2021 Edition<\/em><\/a><\/p>\n\n\n\n<p><strong>&#8211; Seminario en l\u00ednea:&nbsp;<\/strong>18.05.2021 a las17:00 <em><a href=\"https:\/\/www.schooleducationgateway.eu\/es\/pub\/teacher_academy\/webinars\/traveller-education-across-eu.htm\" data-type=\"URL\" data-id=\"https:\/\/www.schooleducationgateway.eu\/es\/pub\/teacher_academy\/webinars\/traveller-education-across-eu.htm\" target=\"_blank\" rel=\"noreferrer noopener\">School education for traveller communities across Europe<\/a><\/em><\/p>\n\n\n\n<p><span class=\"has-inline-color has-luminous-vivid-orange-color\">SEMANA DEL 26 DE ABRIL<\/span><\/p>\n\n\n\n<p><strong><u>Desarrollo profesional:<\/u><\/strong><\/p>\n\n\n\n<p>\u00b7&nbsp;&nbsp;&nbsp;&nbsp;&nbsp;&nbsp;&nbsp;&nbsp;&nbsp;29.04.2021 a las&nbsp; 17:00 CET:<a href=\"https:\/\/groups.etwinning.net\/30442\/pages\/page\/475802\" rel=\"noreferrer noopener\" target=\"_blank\">ITE Partner finding (para miembros del grupo)<\/a><\/p>\n\n\n\n<p>\u00b7&nbsp;&nbsp;&nbsp;&nbsp;&nbsp;&nbsp;&nbsp;&nbsp;&nbsp;29.04.2021 a las 18:00 CET:<a href=\"https:\/\/teams.microsoft.com\/dl\/launcher\/launcher.html?url=%2F_%23%2Fl%2Fmeetup-join%2F19%3Ameeting_NGM4YWU4YzMtNWI3OC00NjZkLTkwMGMtZjI1MGEzOTE5Mzk1%40thread.v2%2F0%3Fcontext%3D%257b%2522Tid%2522%253a%2522e21d18f1-2112-4ecf-a67c-d20aedbd18b3%2522%252c%2522Oid%2522%253a%2522dbbdf911-d598-4de1-90bc-0b29329bf1ba%2522%252c%2522IsBroadcastMeeting%2522%253atrue%257d%26btype%3Da%26role%3Da%26anon%3Dtrue&amp;type=meetup-join&amp;deeplinkId=916fcc72-5103-433b-89ea-921daa56d8d8&amp;directDl=true&amp;msLaunch=true&amp;enableMobilePage=true&amp;suppressPrompt=true\" target=\"_blank\" rel=\"noreferrer noopener\">Mini online-seminar con Korn\u00e9lia Lohy\u0148ov\u00e1<\/a>&nbsp;\u2013 TEAMS Live<\/p>\n\n\n\n<p><strong>&#8211;&nbsp;<u>Austria: eTwinning and Erasmus+ in the year of COVID<\/u><\/strong><\/p>\n\n\n\n<p><strong>&#8211;&nbsp;<u>SCHOOL EDUCATION GATEWAY<\/u><\/strong><\/p>\n\n\n\n<p>Abril es el mes decicado a la&nbsp;<a href=\"https:\/\/www.schooleducationgateway.eu\/es\/pub\/search.htm?topic=32\" target=\"_blank\" rel=\"noreferrer noopener\"><strong>educaci\u00f3n no formal<\/strong><\/a>.&nbsp;En este enlace encontrar\u00e1s informaci\u00f3n en nuestra plataforma.<\/p>\n\n\n\n<p><strong>\u00daltimos recursos:<\/strong><\/p>\n\n\n\n<ul class=\"wp-block-list\">\n<li>Noticias:<a href=\"https:\/\/www.schooleducationgateway.eu\/es\/pub\/latest\/news\/benefits-of-shadow-education.htm\" target=\"_blank\" rel=\"noreferrer noopener\"><strong>Beneficios de la eduaci\u00f3n a la sombra<\/strong><\/a><\/li>\n\n\n\n<li>La voz del experto:&nbsp;<a href=\"https:\/\/www.schooleducationgateway.eu\/es\/pub\/viewpoints\/experts\/without-wings-of-learning.htm\" target=\"_blank\" rel=\"noreferrer noopener\"><strong>Sin las alas del aprendizaje, somos prisioneros del suelo<\/strong><\/a><\/li>\n\n\n\n<li>Pr\u00e1ctica:<a href=\"https:\/\/www.schooleducationgateway.eu\/es\/pub\/latest\/practices\/recognising-nonformal-learning.htm\" target=\"_blank\" rel=\"noreferrer noopener\"><strong>El reconocimiento del valor de la educaci\u00f3n no formal<\/strong><\/a><\/li>\n<\/ul>\n\n\n\n<p><strong>Erasmus+ Funding Opportunities \u2013 curso en l\u00ednea<\/strong><\/p>\n\n\n\n<p>Se ha publicado el nuevo programa Erasmus+ 2021-2027. Este curso ayudar\u00e1 a los partcipantes a conocer las novedades de las acciones 1 y 2&nbsp;\u201c<a rel=\"noreferrer noopener\" href=\"https:\/\/academy.schooleducationgateway.eu\/en\/web\/erasmus-2021\/home?p_p_id=82&amp;p_p_lifecycle=1&amp;p_p_state=normal&amp;p_p_mode=view&amp;p_p_col_pos=8&amp;p_p_col_count=9&amp;_82_struts_action=%2Flanguage%2Fview&amp;_82_redirect=%2Fen%2Fweb%2Ferasmus-2021\" target=\"_blank\"><em>Erasmus+ Funding Opportunities for Schools (2021)<\/em><\/a>\u201d<\/p>\n\n\n\n<p><span class=\"has-inline-color has-luminous-vivid-orange-color\">SEMANA DEL 12 DE ABRIL<\/span><\/p>\n\n\n\n<p>El pr\u00f3ximo&nbsp;<strong>lunes 19, a las 16:00<\/strong>, &nbsp;<em><strong>La app del mes<\/strong>&nbsp;&#8211;<\/em>. La embajadora del Pa\u00eds Vasco, nos presentar\u00e1&nbsp;<em><a rel=\"noreferrer noopener\" href=\"https:\/\/twinspace.etwinning.net\/10080\/online-meetings\/event\/147501\" target=\"_blank\">Flipgrid<\/a><\/em>. Apuntar en :&nbsp;<\/p>\n\n\n\n<p><strong>DESARROLLO PROFESIONAL<\/strong><\/p>\n\n\n\n<p>12.04.2021 &#8211; 14.04.2021&nbsp;Webinar Series 2021:&nbsp;<em><a href=\"https:\/\/live.etwinning.net\/events\/event\/187795\" target=\"_blank\" rel=\"noreferrer noopener\">Exploring Blended Learning<\/a><\/em>&nbsp;<\/p>\n\n\n\n<p>MOOC \u201c<a rel=\"noreferrer noopener\" href=\"http:\/\/etwinning.es\/es\/mooc-etwinning-en-abierto-4a-ed-2021\/\" target=\"_blank\">eTwinning en abierto<\/a>\u201d (4\u00aa ed.) 2021<\/p>\n\n\n\n<p><strong>SCHOOL EDUCATION GATEWAY<\/strong><\/p>\n\n\n\n<p><strong>&#8211;&nbsp;Curso:<\/strong><em><a rel=\"noreferrer noopener\" href=\"https:\/\/academy.schooleducationgateway.eu\/en\/web\/blended-learning\/home;jsessionid=D0C8E7B0D29CCE53ECD0A8E042C7F838?p_p_id=82&amp;p_p_lifecycle=1&amp;p_p_state=normal&amp;p_p_mode=view&amp;p_p_col_pos=9&amp;p_p_col_count=10&amp;_82_struts_action=%2Flanguage%2Fview&amp;_82_redirect=%2Fen%2Fweb%2Fblended-learning\" target=\"_blank\">Bridging Distance and In-School Learning \u2013 Blended Learning in Practice<\/a><\/em><\/p>\n\n\n\n<p><strong>Curso:&nbsp;<\/strong><em><a rel=\"noreferrer noopener\" href=\"https:\/\/academy.schooleducationgateway.eu\/en\/web\/erasmus-2021\/home?p_p_id=82&amp;p_p_lifecycle=1&amp;p_p_state=normal&amp;p_p_mode=view&amp;p_p_col_pos=8&amp;p_p_col_count=9&amp;_82_struts_action=%2Flanguage%2Fview&amp;_82_redirect=%2Fen%2Fweb%2Ferasmus-2021%2Fhome%3Fp_p_id%3D82%26p_p_lifecycle%3D1%26p_p_state%3Dnormal%26p_p_mode%3Dview%26p_p_col_pos%3D8%26p_p_col_count%3D9%26_82_struts_action%3D%252Flanguage%252Fview%26_82_redirect%3D%252Fen%252Fweb%252Ferasmus-2021%252Fhome%253Fp_p_id%253D82%2526p_p_lifecycle%253D1%2526p_p_state%253Dnormal%2526p_p_mode%253Dview%2526p_p_col_pos%253D8%2526p_p_col_count%253D9%2526_82_struts_action%253D%25252Flanguage%25252Fview%2526_82_redirect%253D%25252Fen%25252Fweb%25252Ferasmus-2021\" target=\"_blank\">Erasmus+ Funding Opportunities for Schools &#8211; 2021 Edition<\/a><\/em><\/p>\n\n\n\n<p>&#8211;&nbsp;<strong>Seminario en l\u00ednea&nbsp;<\/strong>20.04.2021 a las 16:00<strong>:&nbsp;<\/strong><em><a href=\"https:\/\/www.schooleducationgateway.eu\/es\/pub\/teacher_academy\/webinars\/non-formal-learning.htm\" target=\"_blank\" rel=\"noreferrer noopener\">Non-formal learning and online school education<\/a><\/em><\/p>\n\n\n\n<p><span class=\"has-inline-color has-luminous-vivid-orange-color\">SEMANA DEL 05 AL 12 DE ABRIL<\/span><\/p>\n\n\n\n<p><strong>Eventos de desarrollo profesional:<\/strong><\/p>\n\n\n\n<p> &nbsp;<a rel=\"noreferrer noopener\" href=\"https:\/\/live.etwinning.net\/events\/event\/194134\" target=\"_blank\"><strong>eTwinning Online Seminar (Webinar 2021) &#8211; Do you ever use AI? Yes, is it in your pocket.<\/strong><\/a>08.04.2021 at 16:00 CET.<\/p>\n\n\n\n<p><\/p>\n\n\n\n<p><strong>Desarrollo profesional<\/strong> en <strong>SCHOOL EDUCATION GATEWAY<\/strong><\/p>\n\n\n\n<ol class=\"wp-block-list\">\n<li>Como temas centrales la inclusi\u00f3n y la diversidad. Este es el nuevo curso breve en l\u00ednea&nbsp;\u201c<a href=\"https:\/\/academy.schooleducationgateway.eu\/es\/web\/discussing-diversity-and-discrimination\" target=\"_blank\" rel=\"noreferrer noopener\"><strong><em>Discussing Diversity and Discrimination &#8211; Using the Online Tool \u2018Stories that Move\u2019<\/em><\/strong><\/a>\u201d&nbsp;&nbsp;10 d\u00edas de formaci\u00f3n, una hora al d\u00eda. El curso comenzar\u00e1 el&nbsp;19 de Abril.<\/li>\n\n\n\n<li>Ya se ha publicado el nuevo programa Erasmus+ 2021-2027 y el nuevo curso de la&nbsp;Teacher Academy \u201c<a href=\"https:\/\/academy.schooleducationgateway.eu\/en\/web\/erasmus-2021\/home;jsessionid=614D01FD904C3241F71FDB77E8EDA226?p_p_id=82&amp;p_p_lifecycle=1&amp;p_p_state=normal&amp;p_p_mode=view&amp;p_p_col_pos=8&amp;p_p_col_count=9&amp;_82_struts_action=%2Flanguage%2Fview&amp;_82_redirect=%2Fen%2Fweb%2Ferasmus-2021\" target=\"_blank\" rel=\"noreferrer noopener\"><strong><em>Erasmus+ Funding Opportunities for Schools (2021)<\/em><\/strong><\/a>\u201d&nbsp;.&nbsp;El curso se abrir\u00e1 el 31 de mayo.<\/li>\n<\/ol>\n\n\n\n<p>3.- <strong>Seminario en l\u00ednea en aprendizaje no formal. Se celebrar\u00e1 el pr\u00f3ximo 20 de abril a las 16 h CET.<\/strong> <a rel=\"noreferrer noopener\" href=\"https:\/\/www.schooleducationgateway.eu\/en\/pub\/teacher_academy\/webinars\/non-formal-learning.htm\" target=\"_blank\">Webinar on formal, non-formal and informal learning&nbsp;<\/a><\/p>\n\n\n\n<p><strong>4\u00aa edici\u00f3n renovada del MOOC \u201ceTwinning en abierto\u201d,&nbsp;<\/strong>que se desarrollar\u00e1 entre el<strong>&nbsp;13 de abril y el 20 de mayo&nbsp;<\/strong>y cuya<strong>&nbsp;inscripci\u00f3n ya est\u00e1 abierta&nbsp;<\/strong>haciendo clic en el siguiente enlace:&nbsp;<a rel=\"noreferrer noopener\" href=\"https:\/\/enlinea.intef.es\/courses\/course-v1:INTEF+etwmooc+2021_ED4\/about\" target=\"_blank\">https:\/\/enlinea.intef.es\/courses\/course-v1:INTEF+etwmooc+2021_ED4\/about<\/a>. Esta formaci\u00f3n ser\u00e1 registrada en eTwinning.&nbsp;Este&nbsp;MOOC de AprendeINTEF &nbsp;<a rel=\"noreferrer noopener\" href=\"https:\/\/enlinea.intef.es\/courses\/course-v1:INTEF+etwmooc+2021_ED4\/about\" target=\"_blank\">\u201ceTwinning en abierto\u201d<\/a>&nbsp;tiene por finalidad ofrecer un espacio de aprendizaje sobre c\u00f3mo dise\u00f1ar e implementar proyectos de colaboraci\u00f3n en l\u00ednea a trav\u00e9s de la iniciativa eTwinning,&nbsp;la mayor red de docentes en toda Europa.  Tiene duraci\u00f3n de 6 semanas, La&nbsp;<strong>inscripci\u00f3n&nbsp;<\/strong>estar\u00e1 abierta hasta el \u00faltimo d\u00eda de desarrollo del curso y los participantes pueden inscribirse en cualquier momento&nbsp;<strong>desde el d\u00eda 29 de marzo al 20 de mayo<\/strong>, d\u00eda en que finaliza el curso.Al superar las actividades de forma satisfactoria, se conseguir\u00e1 una&nbsp;<strong>credencial digital abierta<\/strong>&nbsp;que se entrega como forma de reconocimiento del aprendizaje desarrollado en las actividades del MOOC, que se almacena en la mochila de credenciales digitales abiertas&nbsp;<a rel=\"noreferrer noopener\" href=\"https:\/\/insignias.educacion.es\/\" target=\"_blank\">\u00abInsignias INTEF\u00bb<\/a>&nbsp;y que se puede compartir en otros espacios digitales.<\/p>\n\n\n\n<p><strong>Bienvenida a los nuevos centros eTwinning<\/strong>. Este s\u00e1bado, 10 de abril, entre las 10&nbsp; y las 13 h., Para poder participar en el mismo solo ten\u00e9is que hacer <a rel=\"noreferrer noopener\" href=\"https:\/\/groups.etwinning.net\/68026\/pages\/page\/921979\/\" target=\"_blank\">click <\/a>en el link de acceso a la sala virtual del encuentro ese mismo d\u00eda. Puedes consultar el <a rel=\"noreferrer noopener\" href=\"http:\/\/2020 - Schools conference agenda (etwinning.net)\" target=\"_blank\">programa del evento<\/a>.<\/p>\n\n\n\n<p><span class=\"has-inline-color has-luminous-vivid-amber-color\">SEMANA DEL 22 AL 26 DE MARZO<\/span><\/p>\n\n\n\n<p>1.- WEBINAR GRUPOS SNA<\/p>\n\n\n\n<p>22.03.2021 a las 16:30&nbsp;<strong><a href=\"https:\/\/groups.etwinning.net\/56171\/online-meetings\/event\/130933\">Asesores de formaci\u00f3n.&nbsp;<\/a><\/strong><em><a href=\"https:\/\/groups.etwinning.net\/56171\/online-meetings\/event\/130933\">CAf\u00e9&nbsp;eTwinning&nbsp;con el grupo de asesores de formaci\u00f3n&nbsp;<\/a><\/em><\/p>\n\n\n\n<p>24.03.2021 a las 17:00<strong>&nbsp;<a href=\"https:\/\/live.etwinning.net\/events\/event\/190597\">Equipos Directivos&nbsp;<\/a><\/strong><em><a href=\"https:\/\/live.etwinning.net\/events\/event\/190597\">Trabajando la seguridad digital con&nbsp;eTwinning&nbsp;<\/a><\/em><\/p>\n\n\n\n<p>2.- <a href=\"https:\/\/live.etwinning.net\/groups\/group\/157944\">Nuevo grupo SNA<\/a>:<em><a href=\"dise\u00f1a el fututo de la ciencia con&nbsp;eTwinning\">STEAM: dise\u00f1a el fututo de la ciencia con&nbsp;eTwinning<\/a><\/em><\/p>\n\n\n\n<p><\/p>\n\n\n\n<p>3.- DESARROLLO PROFESIONAL<\/p>\n\n\n\n<p>22.03.2021 a las 17:00 <a href=\"https:\/\/groups.etwinning.net\/151326\/pages\/page\/1316001\">Webinar&nbsp;sobre el tema del a\u00f1o. Informaci\u00f3n dentro del grupo&nbsp;<em>Spring Campaign 2021<\/em>&nbsp;<\/a><\/p>\n\n\n\n<p>23.03.2021 a las 17:00 <a href=\"https:\/\/live.etwinning.net\/events\/event\/186020\">Spring campaign 2021 &#8211; What is the role of disinformation on young people&#8217;s lives?&nbsp;<\/a><\/p>\n\n\n\n<p>4.- PORTAL EUROPEO<\/p>\n\n\n\n<p>&#8211;<a href=\"https:\/\/www.etwinning.net\/es\/pub\/newsroom\/highlights\/europeana--cultural-heritage-.htm\">&nbsp;<em>EUROPEANA: patrimonio cultural al alcance de la mano<\/em><\/a><\/p>\n\n\n\n<p>5.- SCHOOL EDUCATION GATEWAY<\/p>\n\n\n\n<p>5.1.- &nbsp;<a href=\"https:\/\/www.schooleducationgateway.eu\/es\/pub\/viewpoints\/experts\/lesson-from-lockdown-inclusion.htm\">Voces expertas:&nbsp;<em>Lecciones del confinamiento: apoyo a la ense\u00f1anza y el aprendizaje inclusivos para<\/em>&nbsp;todos&nbsp;<\/a><\/p>\n\n\n\n<p>5.2.- Publicaciones:<strong>&nbsp;<\/strong><em><a href=\"https:\/\/www.schooleducationgateway.eu\/es\/pub\/resources\/publications\/blended-learning-guidelines.htm\">Aprendizaje combinado en la educaci\u00f3n escolar: directrices para el inicio del a\u00f1o acad\u00e9mico 2020\/21<\/a><\/em><\/p>\n\n\n\n<p>5.3.- Noticia:&nbsp;<em><a href=\"https:\/\/www.schooleducationgateway.eu\/es\/pub\/latest\/news\/3-new-reports-to-support-ecec.htm\">Educaci\u00f3n y atenci\u00f3n a la primera infancia en Europa: un nuevo enfoque en la inclusi\u00f3n y la profesionalizaci\u00f3n del personal<\/a><\/em><\/p>\n\n\n<div class=\"wp-block-image\">\n<figure class=\"aligncenter size-large is-resized\"><a href=\"https:\/\/somosdelprieto.com\/index.php\/portada\/proyectos-2\/centro-etwinning\/\" target=\"_blank\" rel=\"noopener\"><img loading=\"lazy\" decoding=\"async\" width=\"820\" height=\"560\" src=\"https:\/\/somosdelprieto.com\/wp-content\/uploads\/2021\/04\/BANNER-logo_etwinning-OFICIAL.jpg\" alt=\"\" class=\"wp-image-5065\" style=\"width:180px;height:123px\" srcset=\"https:\/\/somosdelprieto.com\/wp-content\/uploads\/2021\/04\/BANNER-logo_etwinning-OFICIAL.jpg 820w, https:\/\/somosdelprieto.com\/wp-content\/uploads\/2021\/04\/BANNER-logo_etwinning-OFICIAL-300x205.jpg 300w, https:\/\/somosdelprieto.com\/wp-content\/uploads\/2021\/04\/BANNER-logo_etwinning-OFICIAL-768x524.jpg 768w\" sizes=\"auto, (max-width: 767px) 89vw, (max-width: 1000px) 54vw, (max-width: 1071px) 543px, 580px\" \/><\/a><figcaption class=\"wp-element-caption\">   Volver a la  p\u00e1gina principal<\/figcaption><\/figure>\n<\/div>\n\n\n<p><\/p>\n","protected":false},"excerpt":{"rendered":"<p>\u00a1Desarrollo Profesional, eventos de formaci\u00f3n, NOOC, seminarios, cursos, encuentros did\u00e1cticos, la APP del mes.. y mucho m\u00e1s! Twitter de la Embajada de eTwinning Castilla la Mancha Facebook de la Embajada de eTwinning de Castilla la Mancha Novedades desde el SNA eTwinning para el 24-25 &nbsp; ART\u00cdCULOS Y PUBLICACIONES &nbsp; DESARROLLO PROFESIONAL El \u00faltimo episodio&nbsp;democratic schools &hellip; <\/p>\n<p class=\"link-more\"><a href=\"https:\/\/somosdelprieto.com\/index.php\/portada\/proyectos-2\/centro-etwinning\/noticias-y-formacion\/\" class=\"more-link\">Continuar leyendo<span class=\"screen-reader-text\"> \u00abNoticias y Formaci\u00f3n\u00bb<\/span><\/a><\/p>\n","protected":false},"author":46,"featured_media":0,"parent":310,"menu_order":8,"comment_status":"closed","ping_status":"closed","template":"","meta":{"footnotes":""},"class_list":["post-5060","page","type-page","status-publish","hentry"],"_links":{"self":[{"href":"https:\/\/somosdelprieto.com\/index.php\/wp-json\/wp\/v2\/pages\/5060","targetHints":{"allow":["GET"]}}],"collection":[{"href":"https:\/\/somosdelprieto.com\/index.php\/wp-json\/wp\/v2\/pages"}],"about":[{"href":"https:\/\/somosdelprieto.com\/index.php\/wp-json\/wp\/v2\/types\/page"}],"author":[{"embeddable":true,"href":"https:\/\/somosdelprieto.com\/index.php\/wp-json\/wp\/v2\/users\/46"}],"replies":[{"embeddable":true,"href":"https:\/\/somosdelprieto.com\/index.php\/wp-json\/wp\/v2\/comments?post=5060"}],"version-history":[{"count":42,"href":"https:\/\/somosdelprieto.com\/index.php\/wp-json\/wp\/v2\/pages\/5060\/revisions"}],"predecessor-version":[{"id":20690,"href":"https:\/\/somosdelprieto.com\/index.php\/wp-json\/wp\/v2\/pages\/5060\/revisions\/20690"}],"up":[{"embeddable":true,"href":"https:\/\/somosdelprieto.com\/index.php\/wp-json\/wp\/v2\/pages\/310"}],"wp:attachment":[{"href":"https:\/\/somosdelprieto.com\/index.php\/wp-json\/wp\/v2\/media?parent=5060"}],"curies":[{"name":"wp","href":"https:\/\/api.w.org\/{rel}","templated":true}]}}