{"id":459,"date":"2020-05-05T14:29:27","date_gmt":"2020-05-05T12:29:27","guid":{"rendered":"https:\/\/somosdelprieto.com\/?page_id=459"},"modified":"2025-12-04T06:58:30","modified_gmt":"2025-12-04T05:58:30","slug":"departamento-industrias-alimentarias","status":"publish","type":"page","link":"https:\/\/somosdelprieto.com\/index.php\/departamentos\/departamento-industrias-alimentarias\/","title":{"rendered":"Departamento de Industrias Alimentarias"},"content":{"rendered":"\n<figure class=\"wp-block-embed is-type-video is-provider-youtube wp-block-embed-youtube wp-embed-aspect-16-9 wp-has-aspect-ratio\"><div class=\"wp-block-embed__wrapper\">\n<iframe loading=\"lazy\" title=\"INA - Industrias alimentarias - #Formaci\u00f3nProfesional en Castilla-La Mancha\" width=\"525\" height=\"295\" src=\"https:\/\/www.youtube.com\/embed\/qJ8p8i64nhY?feature=oembed\" frameborder=\"0\" allow=\"accelerometer; autoplay; clipboard-write; encrypted-media; gyroscope; picture-in-picture; web-share\" referrerpolicy=\"strict-origin-when-cross-origin\" allowfullscreen><\/iframe>\n<\/div><\/figure>\n\n\n\n<figure class=\"wp-block-table\"><table><tbody><tr><td><a href=\"https:\/\/somosdelprieto.com\/index.php\/estudios\/ciclos-formativos-de-grado-superior\/tecnico-superior-en-vitivinicultura\/\" target=\"_blank\" rel=\"noreferrer noopener\"><img loading=\"lazy\" decoding=\"async\" width=\"452\" height=\"518\" class=\"wp-image-6569\" style=\"width: 150px\" src=\"https:\/\/somosdelprieto.com\/wp-content\/uploads\/2021\/05\/Sin-titulo.jpg\" alt=\"\" srcset=\"https:\/\/somosdelprieto.com\/wp-content\/uploads\/2021\/05\/Sin-titulo.jpg 452w, https:\/\/somosdelprieto.com\/wp-content\/uploads\/2021\/05\/Sin-titulo-262x300.jpg 262w\" sizes=\"auto, (max-width: 452px) 100vw, 452px\" \/><\/a><\/td><td><span class=\"has-inline-color has-vivid-red-color\"><strong><em>ESTUDIOS IMPARTIDOS:<\/em><\/strong><\/span><br><br>CF GRADO MEDIO:&nbsp;<br><a href=\"https:\/\/somosdelprieto.com\/index.php\/estudios\/ciclos-formativos-de-grado-medio\/tecnico-en-aceites-de-oliva-y-vinos\/\">T\u00e9cnico en Aceites de Oliva y Vinos<\/a><br>CF GRADO SUPERIOR:&nbsp;<br><a href=\"https:\/\/somosdelprieto.com\/index.php\/estudios\/ciclos-formativos-de-grado-superior\/tecnico-superior-en-vitivinicultura\/\">T\u00e9cnico Superior en Viniticultura<\/a> <br>(programa Dual)<\/td><td><a href=\"https:\/\/somosdelprieto.com\/index.php\/estudios\/ciclos-formativos-de-grado-medio\/tecnico-en-aceites-de-oliva-y-vinos\/\" target=\"_blank\" rel=\"noreferrer noopener\"><img loading=\"lazy\" decoding=\"async\" width=\"395\" height=\"332\" class=\"wp-image-6570\" style=\"width: 150px\" src=\"https:\/\/somosdelprieto.com\/wp-content\/uploads\/2021\/05\/aceitunas-jpg.png\" alt=\"\" srcset=\"https:\/\/somosdelprieto.com\/wp-content\/uploads\/2021\/05\/aceitunas-jpg.png 395w, https:\/\/somosdelprieto.com\/wp-content\/uploads\/2021\/05\/aceitunas-jpg-300x252.png 300w\" sizes=\"auto, (max-width: 395px) 100vw, 395px\" \/><\/a><\/td><\/tr><\/tbody><\/table><\/figure>\n\n\n\n<figure class=\"wp-block-image size-large\"><img loading=\"lazy\" decoding=\"async\" width=\"1024\" height=\"819\" src=\"https:\/\/somosdelprieto.com\/wp-content\/uploads\/2023\/11\/Verde-Menta-Blanco-Circulo-Amante-Gatos-Foto-Collage-1024x819.png\" alt=\"\" class=\"wp-image-16322\" srcset=\"https:\/\/somosdelprieto.com\/wp-content\/uploads\/2023\/11\/Verde-Menta-Blanco-Circulo-Amante-Gatos-Foto-Collage-1024x819.png 1024w, https:\/\/somosdelprieto.com\/wp-content\/uploads\/2023\/11\/Verde-Menta-Blanco-Circulo-Amante-Gatos-Foto-Collage-300x240.png 300w, https:\/\/somosdelprieto.com\/wp-content\/uploads\/2023\/11\/Verde-Menta-Blanco-Circulo-Amante-Gatos-Foto-Collage-768x614.png 768w, https:\/\/somosdelprieto.com\/wp-content\/uploads\/2023\/11\/Verde-Menta-Blanco-Circulo-Amante-Gatos-Foto-Collage-1536x1229.png 1536w, https:\/\/somosdelprieto.com\/wp-content\/uploads\/2023\/11\/Verde-Menta-Blanco-Circulo-Amante-Gatos-Foto-Collage.png 2000w\" sizes=\"auto, (max-width: 767px) 89vw, (max-width: 1000px) 54vw, (max-width: 1071px) 543px, 580px\" \/><\/figure>\n\n\n\n<figure class=\"wp-block-image size-large\"><img loading=\"lazy\" decoding=\"async\" width=\"1024\" height=\"764\" src=\"https:\/\/somosdelprieto.com\/wp-content\/uploads\/2025\/12\/image-4-1024x764.png\" alt=\"\" class=\"wp-image-22768\" srcset=\"https:\/\/somosdelprieto.com\/wp-content\/uploads\/2025\/12\/image-4-1024x764.png 1024w, https:\/\/somosdelprieto.com\/wp-content\/uploads\/2025\/12\/image-4-300x224.png 300w, https:\/\/somosdelprieto.com\/wp-content\/uploads\/2025\/12\/image-4-768x573.png 768w, https:\/\/somosdelprieto.com\/wp-content\/uploads\/2025\/12\/image-4-1536x1147.png 1536w, https:\/\/somosdelprieto.com\/wp-content\/uploads\/2025\/12\/image-4.png 1909w\" sizes=\"auto, (max-width: 767px) 89vw, (max-width: 1000px) 54vw, (max-width: 1071px) 543px, 580px\" \/><\/figure>\n\n\n\n<figure class=\"wp-block-image size-large\"><img loading=\"lazy\" decoding=\"async\" width=\"724\" height=\"1024\" src=\"https:\/\/somosdelprieto.com\/wp-content\/uploads\/2025\/12\/Poster-Cata-de-Vinos-Vinedo-Moderno-Elegante-Vino-y-Beige-724x1024.png\" alt=\"\" class=\"wp-image-22766\" srcset=\"https:\/\/somosdelprieto.com\/wp-content\/uploads\/2025\/12\/Poster-Cata-de-Vinos-Vinedo-Moderno-Elegante-Vino-y-Beige-724x1024.png 724w, https:\/\/somosdelprieto.com\/wp-content\/uploads\/2025\/12\/Poster-Cata-de-Vinos-Vinedo-Moderno-Elegante-Vino-y-Beige-212x300.png 212w, https:\/\/somosdelprieto.com\/wp-content\/uploads\/2025\/12\/Poster-Cata-de-Vinos-Vinedo-Moderno-Elegante-Vino-y-Beige-768x1086.png 768w, https:\/\/somosdelprieto.com\/wp-content\/uploads\/2025\/12\/Poster-Cata-de-Vinos-Vinedo-Moderno-Elegante-Vino-y-Beige-1086x1536.png 1086w, https:\/\/somosdelprieto.com\/wp-content\/uploads\/2025\/12\/Poster-Cata-de-Vinos-Vinedo-Moderno-Elegante-Vino-y-Beige-1448x2048.png 1448w, https:\/\/somosdelprieto.com\/wp-content\/uploads\/2025\/12\/Poster-Cata-de-Vinos-Vinedo-Moderno-Elegante-Vino-y-Beige.png 1587w\" sizes=\"auto, (max-width: 724px) 100vw, 724px\" \/><\/figure>\n\n\n<div class=\"wp-block-image\">\n<figure class=\"alignleft size-large is-resized\"><img loading=\"lazy\" decoding=\"async\" width=\"1024\" height=\"640\" src=\"https:\/\/somosdelprieto.com\/wp-content\/uploads\/2020\/05\/nuevo-logo-instagram-android-1024x640.jpg\" alt=\"\" class=\"wp-image-577\" style=\"width:151px;height:94px\" srcset=\"https:\/\/somosdelprieto.com\/wp-content\/uploads\/2020\/05\/nuevo-logo-instagram-android-1024x640.jpg 1024w, https:\/\/somosdelprieto.com\/wp-content\/uploads\/2020\/05\/nuevo-logo-instagram-android-300x188.jpg 300w, https:\/\/somosdelprieto.com\/wp-content\/uploads\/2020\/05\/nuevo-logo-instagram-android-768x480.jpg 768w, https:\/\/somosdelprieto.com\/wp-content\/uploads\/2020\/05\/nuevo-logo-instagram-android.jpg 1200w\" sizes=\"auto, (max-width: 767px) 89vw, (max-width: 1000px) 54vw, (max-width: 1071px) 543px, 580px\" \/><figcaption class=\"wp-element-caption\"><strong>Siguenos en Instagram. <\/strong><\/figcaption><\/figure>\n<\/div>\n\n\n<p>Estamos como Industrias Alimentarias<\/p>\n\n\n\n<figure class=\"wp-block-video\"><video height=\"352\" style=\"aspect-ratio: 640 \/ 352;\" width=\"640\" controls src=\"https:\/\/somosdelprieto.com\/wp-content\/uploads\/2021\/05\/WhatsApp-Video-2021-05-03-at-08.05.44-1.mp4\"><\/video><\/figure>\n\n\n\n<figure><\/figure>\n\n\n\n<p><strong>NUESTROS BLOG<\/strong><\/p>\n\n\n\n<p><a href=\"http:\/\/catayculturavitivinicola.blogspot.com\/\" target=\"_blank\" rel=\"noreferrer noopener\"><img loading=\"lazy\" decoding=\"async\" width=\"54\" height=\"169\" class=\"wp-image-460\" style=\"width: 54px\" src=\"https:\/\/somosdelprieto.com\/wp-content\/uploads\/2020\/05\/botella.jpg\" alt=\"\"><\/a><\/p>\n\n\n\n<p><\/p>\n\n\n\n<p>&nbsp;<strong>S\u00cdGUENOS EN FACEBOOK<\/strong><\/p>\n\n\n\n<p><a href=\"https:\/\/www.facebook.com\/aceitedeolivayvinos?ref=profile\" target=\"_blank\" rel=\"noreferrer noopener\"><img loading=\"lazy\" decoding=\"async\" width=\"256\" height=\"256\" class=\"wp-image-461\" style=\"width: 150px\" src=\"https:\/\/somosdelprieto.com\/wp-content\/uploads\/2020\/05\/facebook_256.png\" alt=\"\" srcset=\"https:\/\/somosdelprieto.com\/wp-content\/uploads\/2020\/05\/facebook_256.png 256w, https:\/\/somosdelprieto.com\/wp-content\/uploads\/2020\/05\/facebook_256-150x150.png 150w, https:\/\/somosdelprieto.com\/wp-content\/uploads\/2020\/05\/facebook_256-100x100.png 100w\" sizes=\"auto, (max-width: 256px) 100vw, 256px\" \/><\/a><\/p>\n\n\n\n<p>Comentarios<\/p>\n\n\n\n<p><\/p>\n","protected":false},"excerpt":{"rendered":"<p>ESTUDIOS IMPARTIDOS: CF GRADO MEDIO:&nbsp;T\u00e9cnico en Aceites de Oliva y VinosCF GRADO SUPERIOR:&nbsp;T\u00e9cnico Superior en Viniticultura (programa Dual) Estamos como Industrias Alimentarias NUESTROS BLOG &nbsp;S\u00cdGUENOS EN FACEBOOK Comentarios<\/p>\n","protected":false},"author":22,"featured_media":0,"parent":330,"menu_order":0,"comment_status":"closed","ping_status":"closed","template":"","meta":{"footnotes":""},"class_list":["post-459","page","type-page","status-publish","hentry"],"_links":{"self":[{"href":"https:\/\/somosdelprieto.com\/index.php\/wp-json\/wp\/v2\/pages\/459","targetHints":{"allow":["GET"]}}],"collection":[{"href":"https:\/\/somosdelprieto.com\/index.php\/wp-json\/wp\/v2\/pages"}],"about":[{"href":"https:\/\/somosdelprieto.com\/index.php\/wp-json\/wp\/v2\/types\/page"}],"author":[{"embeddable":true,"href":"https:\/\/somosdelprieto.com\/index.php\/wp-json\/wp\/v2\/users\/22"}],"replies":[{"embeddable":true,"href":"https:\/\/somosdelprieto.com\/index.php\/wp-json\/wp\/v2\/comments?post=459"}],"version-history":[{"count":14,"href":"https:\/\/somosdelprieto.com\/index.php\/wp-json\/wp\/v2\/pages\/459\/revisions"}],"predecessor-version":[{"id":22769,"href":"https:\/\/somosdelprieto.com\/index.php\/wp-json\/wp\/v2\/pages\/459\/revisions\/22769"}],"up":[{"embeddable":true,"href":"https:\/\/somosdelprieto.com\/index.php\/wp-json\/wp\/v2\/pages\/330"}],"wp:attachment":[{"href":"https:\/\/somosdelprieto.com\/index.php\/wp-json\/wp\/v2\/media?parent=459"}],"curies":[{"name":"wp","href":"https:\/\/api.w.org\/{rel}","templated":true}]}}