{"id":21290,"date":"2025-05-08T11:02:44","date_gmt":"2025-05-08T09:02:44","guid":{"rendered":"https:\/\/somosdelprieto.com\/?page_id=21290"},"modified":"2025-11-19T10:18:41","modified_gmt":"2025-11-19T09:18:41","slug":"oferta-formativa","status":"publish","type":"page","link":"https:\/\/somosdelprieto.com\/index.php\/oferta-formativa\/","title":{"rendered":"OFERTA FORMATIVA"},"content":{"rendered":"\n<p><\/p>\n\n\n\n<p>Aqu\u00ed puedes encontrar todos los grados que componen nuestra oferta formativa.<\/p>\n\n\n\n<figure class=\"wp-block-table\"><table><tbody><tr><td class=\"has-text-align-center\" data-align=\"center\"><img loading=\"lazy\" decoding=\"async\" width=\"640\" height=\"427\" class=\"wp-image-16190\" style=\"width: 150px\" src=\"https:\/\/somosdelprieto.com\/wp-content\/uploads\/2023\/10\/ship-6794508_640.jpg\" alt=\"\" srcset=\"https:\/\/somosdelprieto.com\/wp-content\/uploads\/2023\/10\/ship-6794508_640.jpg 640w, https:\/\/somosdelprieto.com\/wp-content\/uploads\/2023\/10\/ship-6794508_640-300x200.jpg 300w\" sizes=\"auto, (max-width: 640px) 100vw, 640px\" \/><\/td><td class=\"has-text-align-center\" data-align=\"center\"><img loading=\"lazy\" decoding=\"async\" width=\"640\" height=\"427\" class=\"wp-image-16191\" style=\"width: 150px\" src=\"https:\/\/somosdelprieto.com\/wp-content\/uploads\/2023\/10\/hum-2768178_640.jpg\" alt=\"\" srcset=\"https:\/\/somosdelprieto.com\/wp-content\/uploads\/2023\/10\/hum-2768178_640.jpg 640w, https:\/\/somosdelprieto.com\/wp-content\/uploads\/2023\/10\/hum-2768178_640-300x200.jpg 300w\" sizes=\"auto, (max-width: 640px) 100vw, 640px\" \/><\/td><td class=\"has-text-align-center\" data-align=\"center\"><img loading=\"lazy\" decoding=\"async\" width=\"640\" height=\"427\" class=\"wp-image-16192\" style=\"width: 150px\" src=\"https:\/\/somosdelprieto.com\/wp-content\/uploads\/2023\/10\/store-906722_640.jpg\" alt=\"\" srcset=\"https:\/\/somosdelprieto.com\/wp-content\/uploads\/2023\/10\/store-906722_640.jpg 640w, https:\/\/somosdelprieto.com\/wp-content\/uploads\/2023\/10\/store-906722_640-300x200.jpg 300w\" sizes=\"auto, (max-width: 640px) 100vw, 640px\" \/><\/td><\/tr><tr><td class=\"has-text-align-center\" data-align=\"center\"><strong><span class=\"has-inline-color has-black-color\">CF GRADO SUPERIOR<\/span><\/strong><br><a href=\"https:\/\/educacion.castillalamancha.es\/fp\/que-estudiar\/tecnico-superior-en-transporte-y-logistica\" data-type=\"link\" data-id=\"https:\/\/educacion.castillalamancha.es\/fp\/que-estudiar\/tecnico-superior-en-transporte-y-logistica\" target=\"_blank\" rel=\"noreferrer noopener\"><span class=\"has-inline-color has-vivid-cyan-blue-color\">T\u00e9cnico Superior en Transporte y Log\u00edstica<\/span> <\/a>(vespertino)<br><a href=\"https:\/\/www.educa.jccm.es\/es\/fpclm\/ciclos-formativos-1\/tecnico-superior-gestion-ventas-espacios-comerciales\" data-type=\"URL\" data-id=\"https:\/\/www.educa.jccm.es\/es\/fpclm\/ciclos-formativos-1\/tecnico-superior-gestion-ventas-espacios-comerciales\" target=\"_blank\" rel=\"noreferrer noopener\"><span class=\"has-inline-color has-vivid-cyan-blue-color\">T\u00e9cnico Superior en Gesti\u00f3n de Ventas y espacios comerciales<\/span><\/a><\/td><td class=\"has-text-align-center\" data-align=\"center\"><strong><span class=\"has-inline-color has-black-color\">CF GRADO MEDIO<\/span><\/strong><br><a href=\"https:\/\/educacion.castillalamancha.es\/fp\/que-estudiar\/tecnico-en-actividades-comerciales\" data-type=\"link\" data-id=\"https:\/\/educacion.castillalamancha.es\/fp\/que-estudiar\/tecnico-en-actividades-comerciales\" target=\"_blank\" rel=\"noreferrer noopener\"><span class=\"has-inline-color has-vivid-cyan-blue-color\">T\u00e9cnico en Actividades Comerciales<\/span><\/a><\/td><td class=\"has-text-align-center\" data-align=\"center\"><strong>CF GRADO B\u00c1SICO<\/strong><br><a href=\"https:\/\/www.educa.jccm.es\/es\/fpclm\/ciclos-formativos-grado-basico\/tecnico-basico-servicios-comerciales\" data-type=\"URL\" data-id=\"https:\/\/www.educa.jccm.es\/es\/fpclm\/ciclos-formativos-grado-basico\/tecnico-basico-servicios-comerciales\" target=\"_blank\" rel=\"noreferrer noopener\"><span class=\"has-inline-color has-vivid-cyan-blue-color\">T\u00e9cnico B\u00e1sico en Servicios Comerciales<\/span><\/a><\/td><\/tr><\/tbody><\/table><\/figure>\n\n\n\n<p><\/p>\n","protected":false},"excerpt":{"rendered":"<p>Aqu\u00ed puedes encontrar todos los grados que componen nuestra oferta formativa. CF GRADO SUPERIORT\u00e9cnico Superior en Transporte y Log\u00edstica (vespertino)T\u00e9cnico Superior en Gesti\u00f3n de Ventas y espacios comerciales CF GRADO MEDIOT\u00e9cnico en Actividades Comerciales CF GRADO B\u00c1SICOT\u00e9cnico B\u00e1sico en Servicios Comerciales<\/p>\n","protected":false},"author":18,"featured_media":0,"parent":0,"menu_order":0,"comment_status":"closed","ping_status":"closed","template":"","meta":{"footnotes":""},"class_list":["post-21290","page","type-page","status-publish","hentry"],"_links":{"self":[{"href":"https:\/\/somosdelprieto.com\/index.php\/wp-json\/wp\/v2\/pages\/21290","targetHints":{"allow":["GET"]}}],"collection":[{"href":"https:\/\/somosdelprieto.com\/index.php\/wp-json\/wp\/v2\/pages"}],"about":[{"href":"https:\/\/somosdelprieto.com\/index.php\/wp-json\/wp\/v2\/types\/page"}],"author":[{"embeddable":true,"href":"https:\/\/somosdelprieto.com\/index.php\/wp-json\/wp\/v2\/users\/18"}],"replies":[{"embeddable":true,"href":"https:\/\/somosdelprieto.com\/index.php\/wp-json\/wp\/v2\/comments?post=21290"}],"version-history":[{"count":5,"href":"https:\/\/somosdelprieto.com\/index.php\/wp-json\/wp\/v2\/pages\/21290\/revisions"}],"predecessor-version":[{"id":22632,"href":"https:\/\/somosdelprieto.com\/index.php\/wp-json\/wp\/v2\/pages\/21290\/revisions\/22632"}],"wp:attachment":[{"href":"https:\/\/somosdelprieto.com\/index.php\/wp-json\/wp\/v2\/media?parent=21290"}],"curies":[{"name":"wp","href":"https:\/\/api.w.org\/{rel}","templated":true}]}}