{"id":1646,"date":"2020-08-05T10:28:21","date_gmt":"2020-08-05T08:28:21","guid":{"rendered":"https:\/\/somosdelprieto.com\/?page_id=1646"},"modified":"2023-02-28T19:50:21","modified_gmt":"2023-02-28T18:50:21","slug":"departamento-de-frances","status":"publish","type":"page","link":"https:\/\/somosdelprieto.com\/index.php\/departamentos\/departamento-de-frances\/","title":{"rendered":"Bienvenus! Voil\u00e0 le d\u00e9partement de fran\u00e7ais!"},"content":{"rendered":"\n<p><\/p>\n\n\n\n<p><\/p>\n\n\n\n<blockquote class=\"wp-block-quote is-style-large is-layout-flow wp-block-quote-is-layout-flow\"><p><\/p><\/blockquote>\n\n\n\n<blockquote class=\"wp-block-quote is-layout-flow wp-block-quote-is-layout-flow\"><p><strong>\u00abLa vie c&#8217;est comme une bicyclette, il faut avancer pour ne pas perdre l&#8217;\u00e9quilibre\u00bb<\/strong><\/p><p> Albert Einstein.<\/p><\/blockquote>\n\n\n\n<div class=\"wp-block-columns is-layout-flex wp-container-core-columns-is-layout-9d6595d7 wp-block-columns-is-layout-flex\">\n<div class=\"wp-block-column is-layout-flow wp-block-column-is-layout-flow\" style=\"flex-basis:100%\">\n<p><\/p>\n\n\n\n<p>Haz click sobre la imagen!<\/p>\n\n\n\n<p><\/p>\n\n\n\n<p><\/p>\n\n\n\n<p><\/p>\n\n\n\n<p><\/p>\n\n\n\n<p><\/p>\n\n\n\n<p><em><strong><span class=\"has-inline-color has-vivid-cyan-blue-color\">ORGANIGRAMA DEL DEPARTAMENTO DE FRANC\u00c9S<\/span><\/strong><\/em><\/p>\n<\/div>\n<\/div>\n\n\n\n<div class=\"wp-block-columns is-layout-flex wp-container-core-columns-is-layout-9d6595d7 wp-block-columns-is-layout-flex\">\n<div class=\"wp-block-column is-layout-flow wp-block-column-is-layout-flow\" style=\"flex-basis:100%\">\n<p><strong>Jefa de Departamento: <\/strong> D\u00f1a Visitaci\u00f3n Garc\u00eda &#8211; Casarrubios Mart\u00edn<\/p>\n<\/div>\n<\/div>\n\n\n\n<p><strong>Miembros:  <\/strong>                           D\u00f1a. M\u00aa Eugenia Garc\u00eda &#8211; Navas  Rodr\u00edguez<\/p>\n\n\n\n<p>                                                    D\u00f1a: Estrella G\u00f3mez Jim\u00e9nez- Tusset<\/p>\n\n\n\n<p><\/p>\n\n\n\n<p><strong><span class=\"has-inline-color has-vivid-cyan-blue-color\">AQUELLO QUE NUESTROS ALUMNOS NOS HACEN LLEGAR DESPU\u00c9S DE UNOS A\u00d1OS:<\/span><\/strong><\/p>\n\n\n\n<p><em>\u00bb Es alucinante el poder que tienen los idiomas, cuando consigues utilizarlos en la vida real. Se te abren muchas puertas, y empodera much\u00edsimo\u00bb<\/em> A. M<\/p>\n\n\n\n<h2 class=\"wp-block-heading\"><span class=\"has-inline-color has-vivid-red-color\"><strong>NOTICIAS:<\/strong><\/span><\/h2>\n\n\n<ul class=\"wp-block-latest-posts__list wp-block-latest-posts\"><li><a class=\"wp-block-latest-posts__post-title\" href=\"https:\/\/somosdelprieto.com\/index.php\/2026\/03\/27\/proyecto-etwinning-premiado\/\">Proyecto eTwinning Premiado<\/a><\/li>\n<li><a class=\"wp-block-latest-posts__post-title\" href=\"https:\/\/somosdelprieto.com\/index.php\/2025\/06\/20\/etwinning-24-25\/\">eTwinning 24-25<\/a><\/li>\n<li><a class=\"wp-block-latest-posts__post-title\" href=\"https:\/\/somosdelprieto.com\/index.php\/2025\/03\/06\/encuentro-online-con-alumnado-de-normandia\/\">Encuentro online con alumnado de Normand\u00eda<\/a><\/li>\n<li><a class=\"wp-block-latest-posts__post-title\" href=\"https:\/\/somosdelprieto.com\/index.php\/2025\/02\/07\/intercambio-epistolar-con-normandia\/\">Intercambio Epistolar con Normand\u00eda<\/a><\/li>\n<li><a class=\"wp-block-latest-posts__post-title\" href=\"https:\/\/somosdelprieto.com\/index.php\/2025\/01\/27\/doblemente-premiados\/\">Doblemente premiados<\/a><\/li>\n<\/ul>\n\n\n<p><\/p>\n\n\n\n<ul class=\"wp-block-list\"><li>Junio 2020\/21:  Un importante grupo de alumnos de 2\u00ba Bachillerato han realizado de forma voluntaria la prueba de la EBAU correspondiente a la materia Franc\u00e9s optativo obteniendo excelentes resultados con notas que van desde el 7,5 al 9,75, mejorando as\u00ed sus calificaciones de cara al acceso a su universidad de elecci\u00f3n.<\/li><li>F\u00c9LICITATIONS \u00c0 TOUS ET COURAGE DOR\u00c9NAVANT!!!!<\/li><\/ul>\n\n\n\n<ul class=\"wp-block-list\"><li>ESTAMOS DE ENHORABUENA Y SEGUIMOS AVANZANDO!!! OTRO RETO CONSEGUIDO!<\/li><\/ul>\n\n\n\n<p><br>Agencias. \u2013 El Gobierno de Emmanuel Macron est\u00e1 elaborando planes para que el franc\u00e9s sustituya al ingl\u00e9s como \u201clengua de trabajo\u201d oficial de la UE cuando asuma la presidencia del Consejo de la Uni\u00f3n Europea en 2022, seg\u00fan ha revelado un diplom\u00e1tico.<\/p>\n\n\n\n<p>Francia planea utilizar su primera presidencia desde el Brexit para impulsar su lengua materna como \u201clengua franca\u201d de Bruselas, seg\u00fan un informe de Pol\u00edtico.<\/p>\n\n\n\n<p>Un alto diplom\u00e1tico franc\u00e9s dijo al sitio web: \u201cAunque admitamos que el ingl\u00e9s es una lengua de trabajo y que se practica habitualmente, la base para expresarse en franc\u00e9s sigue estando plenamente vigente en las instituciones de la UE.<\/p>\n\n\n\n<p>\u201cDebemos enriquecerla y hacerla vivir de nuevo para que la lengua francesa recupere realmente el terreno y, sobre todo, el gusto y el orgullo del multiling\u00fcismo\u201d.<\/p>\n\n\n\n<p>El diplom\u00e1tico an\u00f3nimo se\u00f1al\u00f3 que todas las reuniones de alto nivel del Consejo -el \u00f3rgano que ayuda a fijar la agenda pol\u00edtica en Bruselas- se llevar\u00e1n a cabo en franc\u00e9s en lugar de en ingl\u00e9s durante la presidencia de seis meses.<\/p>\n\n\n\n<p>Las notas y las actas tambi\u00e9n ser\u00e1n \u201cen franc\u00e9s\u201d y el Consejo esperar\u00e1 que todas las cartas de la Comisi\u00f3n Europea est\u00e9n en franc\u00e9s.<\/p>\n\n\n\n<p>Fuente: INDEPENDENT en Espa\u00f1ol, Adam Forrest. Jueves 10 junio 2021.<\/p>\n\n\n\n<p><\/p>\n\n\n\n<p><\/p>\n\n\n\n<ul class=\"wp-block-list\"><li><span class=\"has-inline-color has-vivid-green-cyan-color\"><strong>Y SI TODAV\u00cdA TIENES DUDAS PARA LA ELECCI\u00d3N DE TUS OPTATIVAS PARA EL PR\u00d3XIMO CURSO&#8230;<\/strong><\/span> <\/li><\/ul>\n\n\n\n<p><\/p>\n\n\n\n<p><span class=\"has-inline-color has-vivid-green-cyan-color\"><strong>Y SI TODAV\u00cdA TE QUEDA ALGUNA DUDA&#8230; CONTACTA CON NOSOTROS EN EL DEPARTAMENTO DE FRANC\u00c9S!!!<\/strong><\/span><\/p>\n\n\n\n<p><span class=\"has-inline-color has-vivid-green-cyan-color\"><strong>DIFER\u00c9NCIATE!!! SI YA CURSAS INGL\u00c9S&#8230; AMPLIA TU CURR\u00cdCULUM CON UN NUEVO IDIOMA EXTRANJERO!!<\/strong><\/span><\/p>\n","protected":false},"excerpt":{"rendered":"<p>\u00abLa vie c&#8217;est comme une bicyclette, il faut avancer pour ne pas perdre l&#8217;\u00e9quilibre\u00bb Albert Einstein. Haz click sobre la imagen! ORGANIGRAMA DEL DEPARTAMENTO DE FRANC\u00c9S Jefa de Departamento: D\u00f1a Visitaci\u00f3n Garc\u00eda &#8211; Casarrubios Mart\u00edn Miembros: D\u00f1a. M\u00aa Eugenia Garc\u00eda &#8211; Navas Rodr\u00edguez D\u00f1a: Estrella G\u00f3mez Jim\u00e9nez- Tusset AQUELLO QUE NUESTROS ALUMNOS NOS HACEN LLEGAR &hellip; <\/p>\n<p class=\"link-more\"><a href=\"https:\/\/somosdelprieto.com\/index.php\/departamentos\/departamento-de-frances\/\" class=\"more-link\">Continuar leyendo<span class=\"screen-reader-text\"> \u00abBienvenus! Voil\u00e0 le d\u00e9partement de fran\u00e7ais!\u00bb<\/span><\/a><\/p>\n","protected":false},"author":31,"featured_media":0,"parent":330,"menu_order":0,"comment_status":"closed","ping_status":"closed","template":"","meta":{"footnotes":""},"class_list":["post-1646","page","type-page","status-publish","hentry"],"_links":{"self":[{"href":"https:\/\/somosdelprieto.com\/index.php\/wp-json\/wp\/v2\/pages\/1646","targetHints":{"allow":["GET"]}}],"collection":[{"href":"https:\/\/somosdelprieto.com\/index.php\/wp-json\/wp\/v2\/pages"}],"about":[{"href":"https:\/\/somosdelprieto.com\/index.php\/wp-json\/wp\/v2\/types\/page"}],"author":[{"embeddable":true,"href":"https:\/\/somosdelprieto.com\/index.php\/wp-json\/wp\/v2\/users\/31"}],"replies":[{"embeddable":true,"href":"https:\/\/somosdelprieto.com\/index.php\/wp-json\/wp\/v2\/comments?post=1646"}],"version-history":[{"count":15,"href":"https:\/\/somosdelprieto.com\/index.php\/wp-json\/wp\/v2\/pages\/1646\/revisions"}],"predecessor-version":[{"id":13937,"href":"https:\/\/somosdelprieto.com\/index.php\/wp-json\/wp\/v2\/pages\/1646\/revisions\/13937"}],"up":[{"embeddable":true,"href":"https:\/\/somosdelprieto.com\/index.php\/wp-json\/wp\/v2\/pages\/330"}],"wp:attachment":[{"href":"https:\/\/somosdelprieto.com\/index.php\/wp-json\/wp\/v2\/media?parent=1646"}],"curies":[{"name":"wp","href":"https:\/\/api.w.org\/{rel}","templated":true}]}}