{"id":1638,"date":"2020-08-05T10:24:48","date_gmt":"2020-08-05T08:24:48","guid":{"rendered":"https:\/\/somosdelprieto.com\/?page_id=1638"},"modified":"2026-04-15T10:23:11","modified_gmt":"2026-04-15T08:23:11","slug":"departamento-de-formacion-y-orientacion-laboral","status":"publish","type":"page","link":"https:\/\/somosdelprieto.com\/index.php\/departamentos\/departamento-de-formacion-y-orientacion-laboral\/","title":{"rendered":""},"content":{"rendered":"\n<p class=\"has-text-align-center\"><\/p>\n\n\n\n<h2 class=\"wp-block-heading has-text-align-center has-white-color has-vivid-red-background-color has-text-color has-background has-link-color has-medium-font-size wp-elements-3470e35a74f9a1384964de056a1c7332\"><strong>DEPARTAMENTO DE FORMACI\u00d3N Y ORIENTACI\u00d3N LABORAL<\/strong><\/h2>\n\n\n\n<p><\/p>\n\n\n\n<figure class=\"wp-block-table\"><table class=\"has-background has-fixed-layout\" style=\"background-color:#fcf0ef\"><tbody><tr><td><img decoding=\"async\" src=\"https:\/\/somosdelprieto.com\/wp-content\/uploads\/2022\/04\/LOGO-DEPARTAMENTO-FOL.png\" alt=\"La imagen tiene un atributo ALT vac\u00edo; su nombre de archivo es LOGO-DEPARTAMENTO-FOL.png\"><\/td><td>\u00a0<span style=\"color:#669e6f\" class=\"has-inline-color\">PROFESORADO:<\/span><br><strong>Navas Torres, M\u00aa Luz (JD)<\/strong><br>Tercero Quintana, Matilde<br>Jover Marti, Jos\u00e9 Luis<br>Mart\u00ednez Sanz, Elena<br>Fern\u00e1ndez Mart\u00edn, Dulcina<br>Quintero Araque, Zulma<br>Jim\u00e9nez N\u00fa\u00f1ez, Mar\u00eda del Mar<br>Cano Garc\u00eda, Sara<br>Ch\u00e9liz Solano, Cristina<br><br><\/td><\/tr><\/tbody><\/table><\/figure>\n\n\n\n<p class=\"has-text-align-center has-text-color has-medium-font-size\" style=\"color:#29064a\"><strong>NUESTROS PROYECTOS<\/strong><\/p>\n\n\n\n<figure class=\"wp-block-table is-style-stripes\"><table><tbody><tr><td class=\"has-text-align-center\" data-align=\"center\"><a href=\"https:\/\/somosdelprieto.com\/index.php\/portada\/empleo\/clubdeempleo\/\" target=\"_blank\" rel=\"noreferrer noopener\">CLUB DE EMPLEO<\/a><\/td><td class=\"has-text-align-center\" data-align=\"center\"><a href=\"https:\/\/somosdelprieto.com\/index.php\/aula-de-emprendimiento\/\" target=\"_blank\" rel=\"noreferrer noopener\">AULA DE EMPRENDIMIENTO<\/a><\/td><\/tr><tr><td class=\"has-text-align-center\" data-align=\"center\"><a href=\"https:\/\/somosdelprieto.com\/index.php\/portada\/empleo\/clubdeempleo\/\" target=\"_blank\" rel=\"noreferrer noopener\"><img decoding=\"async\" src=\"https:\/\/somosdelprieto.com\/wp-content\/uploads\/2021\/11\/LOGOTIPO-CLUB-DE-EMPLEO.jpg\" alt=\"La imagen tiene un atributo ALT vac\u00edo; su nombre de archivo es LOGOTIPO-CLUB-DE-EMPLEO.jpg\" style=\"width: 300px\"><\/a><\/td><td class=\"has-text-align-center\" data-align=\"center\"><a href=\"https:\/\/somosdelprieto.com\/index.php\/aula-de-emprendimiento\/\" target=\"_blank\" rel=\"noreferrer noopener\"><img decoding=\"async\" src=\"https:\/\/somosdelprieto.com\/wp-content\/uploads\/2022\/04\/logotipo-participante-edited-1.png\" alt=\"La imagen tiene un atributo ALT vac\u00edo; su nombre de archivo es logotipo-participante-edited-1.png\" style=\"width: 170px\"><\/a><\/td><\/tr><\/tbody><\/table><\/figure>\n\n\n\n<h2 class=\"wp-block-heading\"><strong>II Feria de Formaci\u00f3n Profesional de Ciudad Real en Valdepe\u00f1as<\/strong><\/h2>\n\n\n\n<p>El d\u00eda 15 de abril tiene lugar en Valdepe\u00f1as, la II Feria de Formaci\u00f3n Profesional de la provincia de Ciudad Real.<\/p>\n\n\n\n<p>A lo largo de la ma\u00f1ana, estudiantes y familias podr\u00e1n acudir al Pabell\u00f3n Ferial Esteban L\u00f3pez Vega de Valdepe\u00f1as para conocer m\u00e1s de cerca qu\u00e9 es lo que se hace en Formaci\u00f3n Profesional y conocer a distintas empresas de la provincia.<\/p>\n\n\n\n<p>Adem\u00e1s, se realizar\u00e1n talleres de demostraci\u00f3n.<\/p>\n\n\n\n<figure class=\"wp-block-image size-full\"><img loading=\"lazy\" decoding=\"async\" width=\"964\" height=\"539\" src=\"https:\/\/somosdelprieto.com\/wp-content\/uploads\/2026\/04\/Programa-Feria-FP-Ciudad-Real.jpg\" alt=\"\" class=\"wp-image-23726\" srcset=\"https:\/\/somosdelprieto.com\/wp-content\/uploads\/2026\/04\/Programa-Feria-FP-Ciudad-Real.jpg 964w, https:\/\/somosdelprieto.com\/wp-content\/uploads\/2026\/04\/Programa-Feria-FP-Ciudad-Real-300x168.jpg 300w, https:\/\/somosdelprieto.com\/wp-content\/uploads\/2026\/04\/Programa-Feria-FP-Ciudad-Real-768x429.jpg 768w\" sizes=\"auto, (max-width: 767px) 89vw, (max-width: 1000px) 54vw, (max-width: 1071px) 543px, 580px\" \/><\/figure>\n","protected":false},"excerpt":{"rendered":"<p>DEPARTAMENTO DE FORMACI\u00d3N Y ORIENTACI\u00d3N LABORAL \u00a0PROFESORADO:Navas Torres, M\u00aa Luz (JD)Tercero Quintana, MatildeJover Marti, Jos\u00e9 LuisMart\u00ednez Sanz, ElenaFern\u00e1ndez Mart\u00edn, DulcinaQuintero Araque, ZulmaJim\u00e9nez N\u00fa\u00f1ez, Mar\u00eda del MarCano Garc\u00eda, SaraCh\u00e9liz Solano, Cristina NUESTROS PROYECTOS CLUB DE EMPLEO AULA DE EMPRENDIMIENTO II Feria de Formaci\u00f3n Profesional de Ciudad Real en Valdepe\u00f1as El d\u00eda 15 de abril tiene lugar &hellip; <\/p>\n<p class=\"link-more\"><a href=\"https:\/\/somosdelprieto.com\/index.php\/departamentos\/departamento-de-formacion-y-orientacion-laboral\/\" class=\"more-link\">Continuar leyendo<span class=\"screen-reader-text\"> \u00ab\u00bb<\/span><\/a><\/p>\n","protected":false},"author":30,"featured_media":0,"parent":330,"menu_order":0,"comment_status":"closed","ping_status":"closed","template":"","meta":{"footnotes":""},"class_list":["post-1638","page","type-page","status-publish","hentry"],"_links":{"self":[{"href":"https:\/\/somosdelprieto.com\/index.php\/wp-json\/wp\/v2\/pages\/1638","targetHints":{"allow":["GET"]}}],"collection":[{"href":"https:\/\/somosdelprieto.com\/index.php\/wp-json\/wp\/v2\/pages"}],"about":[{"href":"https:\/\/somosdelprieto.com\/index.php\/wp-json\/wp\/v2\/types\/page"}],"author":[{"embeddable":true,"href":"https:\/\/somosdelprieto.com\/index.php\/wp-json\/wp\/v2\/users\/30"}],"replies":[{"embeddable":true,"href":"https:\/\/somosdelprieto.com\/index.php\/wp-json\/wp\/v2\/comments?post=1638"}],"version-history":[{"count":32,"href":"https:\/\/somosdelprieto.com\/index.php\/wp-json\/wp\/v2\/pages\/1638\/revisions"}],"predecessor-version":[{"id":23727,"href":"https:\/\/somosdelprieto.com\/index.php\/wp-json\/wp\/v2\/pages\/1638\/revisions\/23727"}],"up":[{"embeddable":true,"href":"https:\/\/somosdelprieto.com\/index.php\/wp-json\/wp\/v2\/pages\/330"}],"wp:attachment":[{"href":"https:\/\/somosdelprieto.com\/index.php\/wp-json\/wp\/v2\/media?parent=1638"}],"curies":[{"name":"wp","href":"https:\/\/api.w.org\/{rel}","templated":true}]}}