{"id":15643,"date":"2023-06-22T09:56:08","date_gmt":"2023-06-22T07:56:08","guid":{"rendered":"https:\/\/somosdelprieto.com\/?page_id=15643"},"modified":"2025-06-26T14:26:37","modified_gmt":"2025-06-26T12:26:37","slug":"matriculacion-en-e-s-o","status":"publish","type":"page","link":"https:\/\/somosdelprieto.com\/index.php\/matriculacion-en-e-s-o\/","title":{"rendered":"MATRICULACI\u00d3N EN E.S.O."},"content":{"rendered":"\n<p class=\"has-normal-font-size\" id=\"block-e471c309-7d68-43a5-bc6c-efca79036ff7\"><strong><span class=\"has-inline-color has-vivid-cyan-blue-color\">MATR\u00cdCULA<\/span><\/strong><\/p>\n\n\n\n<p id=\"block-325894e9-ab46-459e-9cf0-2c80f6a2ada2\"><strong><span class=\"has-inline-color has-vivid-red-color\">Todos los alumnos<\/span><\/strong>, tanto los de <strong><span class=\"has-inline-color has-black-color\">nuevo ingreso<\/span><\/strong>, como los alumnos que <strong><span class=\"has-inline-color has-black-color\">promocionan <\/span><\/strong>de curso, as\u00ed como los alumnos que deben <strong><span class=\"has-inline-color has-black-color\">repetir <\/span><\/strong>el curso, deben formalizar su matr\u00edcula y enviar la documentaci\u00f3n, tal y como se describe a continuaci\u00f3n:<\/p>\n\n\n\n<p id=\"block-5233d246-b503-4b34-8e14-243414b264db\"><strong><span class=\"has-inline-color has-vivid-red-color\">1\u00ba <\/span><\/strong>Es obligatorio realizar la <strong><span class=\"has-inline-color has-vivid-red-color\">MATR\u00cdCULA <\/span><\/strong>en el centro educativo, del <span class=\"has-inline-color has-vivid-red-color\"><strong>1 al 3 de julio de 2025<\/strong> los alumnos que realizaron admisi\u00f3n y los alumnos que repiten o promocionan en alguno de los cursos de la ESO del <strong>26 de junio al 3 de julio<\/strong>:<\/span><\/p>\n\n\n\n<ul id=\"block-a86c4126-d85a-4719-aff2-61f01d60280b\" class=\"wp-block-list\">\n<li><strong>Preferentemente<\/strong> a trav\u00e9s de la plataforma&nbsp;<a href=\"https:\/\/educamosclm.castillalamancha.es\/\" target=\"_blank\" rel=\"noreferrer noopener\"><strong><em>educamosCLM<\/em>&nbsp;(pinchando aqu\u00ed)<\/strong><\/a>&nbsp;y, dentro del Nuevo Escritorio habilitado pinchar en Matriculaci\u00f3n.<\/li>\n<\/ul>\n\n\n\n<figure class=\"wp-block-image size-full\"><img loading=\"lazy\" decoding=\"async\" width=\"416\" height=\"303\" src=\"https:\/\/somosdelprieto.com\/wp-content\/uploads\/2025\/06\/boton-matriculacion.jpg\" alt=\"\" class=\"wp-image-21842\" srcset=\"https:\/\/somosdelprieto.com\/wp-content\/uploads\/2025\/06\/boton-matriculacion.jpg 416w, https:\/\/somosdelprieto.com\/wp-content\/uploads\/2025\/06\/boton-matriculacion-300x219.jpg 300w\" sizes=\"auto, (max-width: 416px) 100vw, 416px\" \/><\/figure>\n\n\n\n<p>Dentro del Asistente de Matriculaci\u00f3n os va a aparecer un Panel Organizativo de Materias para elegir:<\/p>\n\n\n\n<figure class=\"wp-block-image size-large\"><img loading=\"lazy\" decoding=\"async\" width=\"1024\" height=\"520\" src=\"https:\/\/somosdelprieto.com\/wp-content\/uploads\/2025\/06\/panel-organizativo-de-materias-1024x520.jpg\" alt=\"\" class=\"wp-image-21837\" srcset=\"https:\/\/somosdelprieto.com\/wp-content\/uploads\/2025\/06\/panel-organizativo-de-materias-1024x520.jpg 1024w, https:\/\/somosdelprieto.com\/wp-content\/uploads\/2025\/06\/panel-organizativo-de-materias-300x152.jpg 300w, https:\/\/somosdelprieto.com\/wp-content\/uploads\/2025\/06\/panel-organizativo-de-materias-768x390.jpg 768w, https:\/\/somosdelprieto.com\/wp-content\/uploads\/2025\/06\/panel-organizativo-de-materias-1536x780.jpg 1536w, https:\/\/somosdelprieto.com\/wp-content\/uploads\/2025\/06\/panel-organizativo-de-materias.jpg 1781w\" sizes=\"auto, (max-width: 767px) 89vw, (max-width: 1000px) 54vw, (max-width: 1071px) 543px, 580px\" \/><\/figure>\n\n\n\n<p>Como siempre, la solicitud de matr\u00edcula ser\u00e1 correcta cuando aparezca el n\u00famero de registro, fecha-hora de registro y os aparezca el justificante de matr\u00edcula para descargar.<\/p>\n\n\n\n<figure class=\"wp-block-image size-large\"><img loading=\"lazy\" decoding=\"async\" width=\"1024\" height=\"481\" src=\"https:\/\/somosdelprieto.com\/wp-content\/uploads\/2025\/06\/matricula-correcta-1024x481.jpg\" alt=\"\" class=\"wp-image-21838\" srcset=\"https:\/\/somosdelprieto.com\/wp-content\/uploads\/2025\/06\/matricula-correcta-1024x481.jpg 1024w, https:\/\/somosdelprieto.com\/wp-content\/uploads\/2025\/06\/matricula-correcta-300x141.jpg 300w, https:\/\/somosdelprieto.com\/wp-content\/uploads\/2025\/06\/matricula-correcta-768x361.jpg 768w, https:\/\/somosdelprieto.com\/wp-content\/uploads\/2025\/06\/matricula-correcta-1536x721.jpg 1536w, https:\/\/somosdelprieto.com\/wp-content\/uploads\/2025\/06\/matricula-correcta.jpg 1829w\" sizes=\"auto, (max-width: 767px) 89vw, (max-width: 1000px) 54vw, (max-width: 1071px) 543px, 580px\" \/><\/figure>\n\n\n\n<p>Optativas a elegir por cursos:<\/p>\n\n\n\n<div data-wp-interactive=\"core\/file\" class=\"wp-block-file\"><object data-wp-bind--hidden=\"!state.hasPdfPreview\" hidden class=\"wp-block-file__embed\" data=\"https:\/\/somosdelprieto.com\/wp-content\/uploads\/2025\/06\/OPTATIVAS-A-ELEGIR-EN-LOS-CURSOS-DE-EDUCACION-SECUNDARIA-OBLIGATORIA-3.pdf\" type=\"application\/pdf\" style=\"width:100%;height:600px\" aria-label=\"Incrustado de OPTATIVAS A ELEGIR EN LOS CURSOS DE EDUCACI\u00d3N SECUNDARIA OBLIGATORIA.\"><\/object><a id=\"wp-block-file--media-2dbc3619-6296-493b-8f5b-e981f24398a4\" href=\"https:\/\/somosdelprieto.com\/wp-content\/uploads\/2025\/06\/OPTATIVAS-A-ELEGIR-EN-LOS-CURSOS-DE-EDUCACION-SECUNDARIA-OBLIGATORIA-3.pdf\">OPTATIVAS A ELEGIR EN LOS CURSOS DE EDUCACI\u00d3N SECUNDARIA OBLIGATORIA<\/a><a href=\"https:\/\/somosdelprieto.com\/wp-content\/uploads\/2025\/06\/OPTATIVAS-A-ELEGIR-EN-LOS-CURSOS-DE-EDUCACION-SECUNDARIA-OBLIGATORIA-3.pdf\" class=\"wp-block-file__button wp-element-button\" download aria-describedby=\"wp-block-file--media-2dbc3619-6296-493b-8f5b-e981f24398a4\">Descarga<\/a><\/div>\n\n\n\n<p class=\"has-small-font-size\" id=\"block-c27f4e14-5022-4dd4-b689-86bc03296ddf\"><strong><em><span class=\"has-inline-color has-pale-pink-color\">IMPORTANTE:<\/span><\/em><\/strong><\/p>\n\n\n\n<p class=\"has-small-font-size\" id=\"block-b44d7241-2f3f-4c03-81ac-1a3ac5cf9c05\"><strong><em>Los alumnos y alumnas que hayan obtenido un puesto escolar en la asignaci\u00f3n definitiva y no formalicen su matr\u00edcula en los plazos indicados, perder\u00e1n el derecho a la plaza asignada y podr\u00e1n participar en el proceso de admisi\u00f3n extraordinaria<\/em><\/strong> <strong>a partir del 4 de julio.<\/strong><\/p>\n\n\n\n<blockquote class=\"wp-block-quote is-layout-flow wp-block-quote-is-layout-flow\">\n<p id=\"block-2c0ecbdf-34cd-4c32-a822-726be9564a07\"><span class=\"has-inline-color has-vivid-red-color\"><strong>2\u00ba<\/strong>&nbsp;<strong>Pago del seguro escolar<\/strong>.<\/span> Ingresa&nbsp;<strong><span class=\"has-inline-color has-vivid-red-color\">1,12\u20ac<\/span><\/strong>&nbsp;indicando en el&nbsp;<strong>concepto<\/strong>&nbsp;del ingreso el&nbsp;<strong>nombre y apellidos y el curso del alumno\/a que se matricula<\/strong>. Recuerda&nbsp;<strong>guardar el justificante<\/strong>&nbsp;de pago, te va a hacer falta.<\/p>\n<\/blockquote>\n\n\n\n<p id=\"block-7371d1c1-90f0-415a-9320-6ab6cd86db84\"><em>El alumnado de <strong>1\u00ba y 2\u00ba de E.S.O. no<\/strong> <strong>tienen que pagar<\/strong> el seguro escolar. Tambi\u00e9n est\u00e1n exentos del pago el alumnado de<strong> 28 a\u00f1os o mayores<\/strong>.<\/em><\/p>\n\n\n\n<p id=\"block-799eda91-bd81-4a9d-9ec6-5b26ad2367f5\"><strong>El n\u00famero de cuenta es<\/strong>&nbsp;el siguiente: ES06 2103 7247 1800 3003 2098<\/p>\n\n\n\n<blockquote class=\"wp-block-quote is-layout-flow wp-block-quote-is-layout-flow\">\n<p id=\"block-5d19f54f-c42c-4150-ac23-6d01f12250b2\"><strong><span class=\"has-inline-color has-vivid-red-color\">3\u00ba Env\u00edo de documentaci\u00f3n necesaria<\/span><\/strong>. <\/p>\n<\/blockquote>\n\n\n\n<p id=\"block-5d19f54f-c42c-4150-ac23-6d01f12250b2\">Por \u00faltimo, deben rellenar el siguiente formulario <a href=\"https:\/\/forms.office.com\/e\/8N5pDCE8VF\" target=\"_blank\" rel=\"noreferrer noopener\">https:\/\/forms.office.com\/e\/8N5pDCE8VF<\/a> para&nbsp;<strong>enviar&nbsp;<\/strong>digitalizada la&nbsp;<strong>documentaci\u00f3n necesaria<\/strong>. <em>Se puede acceder al formulario en <strong>www.somosdelprieto.com\/Secretar\u00eda\/Matriculaci\u00f3n\/Normas-generales-de-matriculaci\u00f3n<\/strong>\/.<\/em><\/p>\n\n\n\n<p>Se accede al formulario con el usuario de EducamosCLM del estudiante, seguido de @educastillalamancha.es (ver imagen 1). A continuaci\u00f3n, debe iniciar sesi\u00f3n en el entorno de EducamosCLM del estudiante, mediante su usuario y contrase\u00f1a (ver imagen 2).<\/p>\n\n\n<div class=\"wp-block-image\">\n<figure class=\"aligncenter size-large\"><img loading=\"lazy\" decoding=\"async\" width=\"1024\" height=\"665\" src=\"https:\/\/somosdelprieto.com\/wp-content\/uploads\/2024\/06\/Paso1-1024x665.jpg\" alt=\"\" class=\"wp-image-19104\" srcset=\"https:\/\/somosdelprieto.com\/wp-content\/uploads\/2024\/06\/Paso1-1024x665.jpg 1024w, https:\/\/somosdelprieto.com\/wp-content\/uploads\/2024\/06\/Paso1-300x195.jpg 300w, https:\/\/somosdelprieto.com\/wp-content\/uploads\/2024\/06\/Paso1-768x499.jpg 768w, https:\/\/somosdelprieto.com\/wp-content\/uploads\/2024\/06\/Paso1.jpg 1163w\" sizes=\"auto, (max-width: 767px) 89vw, (max-width: 1000px) 54vw, (max-width: 1071px) 543px, 580px\" \/><\/figure>\n<\/div>\n\n\n<figure class=\"wp-block-image size-large\"><img loading=\"lazy\" decoding=\"async\" width=\"1024\" height=\"682\" src=\"https:\/\/somosdelprieto.com\/wp-content\/uploads\/2024\/06\/Paso2-1024x682.jpg\" alt=\"\" class=\"wp-image-19105\" srcset=\"https:\/\/somosdelprieto.com\/wp-content\/uploads\/2024\/06\/Paso2-1024x682.jpg 1024w, https:\/\/somosdelprieto.com\/wp-content\/uploads\/2024\/06\/Paso2-300x200.jpg 300w, https:\/\/somosdelprieto.com\/wp-content\/uploads\/2024\/06\/Paso2-768x512.jpg 768w, https:\/\/somosdelprieto.com\/wp-content\/uploads\/2024\/06\/Paso2.jpg 1198w\" sizes=\"auto, (max-width: 767px) 89vw, (max-width: 1000px) 54vw, (max-width: 1071px) 543px, 580px\" \/><\/figure>\n\n\n\n<p>La documentaci\u00f3n que debe enviar digitalizada, en archivos independientes para cada uno de los documentos, es:<\/p>\n\n\n\n<ul id=\"block-244e661c-2010-467b-85d6-7c03cbfdc6be\" class=\"wp-block-list\">\n<li>DNI por ambas caras.<\/li>\n\n\n\n<li>Tarjeta de la Seguridad Social por ambas caras.<\/li>\n\n\n\n<li>Una Fotograf\u00eda.<\/li>\n\n\n\n<li>Justificante del pago del seguro escolar.<\/li>\n<\/ul>\n\n\n\n<hr class=\"wp-block-separator has-alpha-channel-opacity\" id=\"block-fe7d7729-49cb-4601-a79a-f4639dec9e10\" \/>\n\n\n\n<p><\/p>\n","protected":false},"excerpt":{"rendered":"<p>MATR\u00cdCULA Todos los alumnos, tanto los de nuevo ingreso, como los alumnos que promocionan de curso, as\u00ed como los alumnos que deben repetir el curso, deben formalizar su matr\u00edcula y enviar la documentaci\u00f3n, tal y como se describe a continuaci\u00f3n: 1\u00ba Es obligatorio realizar la MATR\u00cdCULA en el centro educativo, del 1 al 3 de &hellip; <\/p>\n<p class=\"link-more\"><a href=\"https:\/\/somosdelprieto.com\/index.php\/matriculacion-en-e-s-o\/\" class=\"more-link\">Continuar leyendo<span class=\"screen-reader-text\"> \u00abMATRICULACI\u00d3N EN E.S.O.\u00bb<\/span><\/a><\/p>\n","protected":false},"author":53,"featured_media":0,"parent":0,"menu_order":0,"comment_status":"closed","ping_status":"closed","template":"","meta":{"footnotes":""},"class_list":["post-15643","page","type-page","status-publish","hentry"],"_links":{"self":[{"href":"https:\/\/somosdelprieto.com\/index.php\/wp-json\/wp\/v2\/pages\/15643","targetHints":{"allow":["GET"]}}],"collection":[{"href":"https:\/\/somosdelprieto.com\/index.php\/wp-json\/wp\/v2\/pages"}],"about":[{"href":"https:\/\/somosdelprieto.com\/index.php\/wp-json\/wp\/v2\/types\/page"}],"author":[{"embeddable":true,"href":"https:\/\/somosdelprieto.com\/index.php\/wp-json\/wp\/v2\/users\/53"}],"replies":[{"embeddable":true,"href":"https:\/\/somosdelprieto.com\/index.php\/wp-json\/wp\/v2\/comments?post=15643"}],"version-history":[{"count":18,"href":"https:\/\/somosdelprieto.com\/index.php\/wp-json\/wp\/v2\/pages\/15643\/revisions"}],"predecessor-version":[{"id":21962,"href":"https:\/\/somosdelprieto.com\/index.php\/wp-json\/wp\/v2\/pages\/15643\/revisions\/21962"}],"wp:attachment":[{"href":"https:\/\/somosdelprieto.com\/index.php\/wp-json\/wp\/v2\/media?parent=15643"}],"curies":[{"name":"wp","href":"https:\/\/api.w.org\/{rel}","templated":true}]}}