{"id":10320,"date":"2022-05-09T08:30:00","date_gmt":"2022-05-09T06:30:00","guid":{"rendered":"https:\/\/somosdelprieto.com\/?page_id=10320"},"modified":"2022-05-11T11:58:10","modified_gmt":"2022-05-11T09:58:10","slug":"programa-de-la-feria-de-fp-2022","status":"publish","type":"page","link":"https:\/\/somosdelprieto.com\/index.php\/programa-de-la-feria-de-fp-2022\/","title":{"rendered":"Programa de la Feria de FP 2022"},"content":{"rendered":"\n<p><\/p>\n\n\n\n<p class=\"has-text-align-left\"><strong><em>Jornada FP Dual: 19 de Mayo de 2022<\/em><\/strong><\/p>\n\n\n\n<p class=\"has-text-align-right\" style=\"line-height:1\">En el sal\u00f3n de actos del Edificio Principal<\/p>\n\n\n\n<p style=\"line-height:1\"><strong>10:00<\/strong> Recepci\u00f3n de asistentes.<\/p>\n\n\n\n<p style=\"line-height:1\"><strong>10:15<\/strong> Entrevista con los medios de comunicaci\u00f3n<\/p>\n\n\n\n<p style=\"line-height:1\"><strong>10:30<\/strong> Inauguraci\u00f3n a cargo de:<\/p>\n\n\n\n<ul class=\"wp-block-list\"><li>D. David Espinosa Salas. Director del IES Gregorio Prieto.<\/li><li>D. Jes\u00fas Mart\u00edn Rodr\u00edguez. Alcalde de Valdepe\u00f1as.<\/li><li>D. Jes\u00fas Caro Sierra. Delegado Provincial de Educaci\u00f3n, Cultura y Deportes en Ciudad Real.<\/li><li>D\u00f1a. Mar\u00eda \u00c1ngeles Marchante Calcerrada. Directora General de Inclusi\u00f3n.<\/li><li>D\u00f1a. Maria Teresa Compay Gonz\u00e1lez. Directora General de Formaci\u00f3n Profesional de Castilla La Mancha.<\/li><li>D\u00f1a Rosa Ana Rodr\u00edguez P\u00e9rez. Consejera de Educaci\u00f3n, Cultura y Deportes de Castilla La Mancha.<\/li><\/ul>\n\n\n\n<p style=\"line-height:1\"><strong>11:00<\/strong> Ponencia sobre La Nueva Ley de Formaci\u00f3n Profesional y la FP Dual a cargo de Do\u00f1a  Ana Belen Sierra Medina. Asesor T\u00e9cnico Docente de la Delegaci\u00f3n Provincial de Educaci\u00f3n de Ciudad Real.<\/p>\n\n\n\n<p style=\"line-height:1\"><strong>11:15 <\/strong> Antiguo alumno de Formaci\u00f3n Profesional Dual: Francisco R\u00faiz Santaquiteria<\/p>\n\n\n\n<p style=\"line-height:1\"><strong>11:30<\/strong>Ponencia sobre el El Club de Empleo y el Emprendimiento por la responsable del club de empleo: Mari Luz Navas Torres y por la Jefa de Estudios de Formaci\u00f3n Profesional: Elena Mart\u00ednez Sanz.<\/p>\n\n\n\n<p class=\"has-text-align-right\" style=\"line-height:1\"><em>En el patio de la higuera<\/em><\/p>\n\n\n\n<p style=\"line-height:1\"><strong>11:45<\/strong> Aperitivo para empresas colaboradoras.<\/p>\n\n\n\n<p style=\"line-height:1\"><strong>12:30<\/strong> Encuentro con Empresas Colaboradoras<\/p>\n\n\n\n<figure class=\"wp-block-table is-style-stripes\"><table><tbody><tr><td><br><strong><em>En el sal\u00f3n de actos Edificio Principal<\/em><\/strong><br><br>12:30 Presentaci\u00f3n mesa redonda.<br>12:40 Frimancha.<br>12:50 Tecnove.<br>13:00 Cojali.<br>13:10 Garc\u00eda Carri\u00f3n<br>13:20 Indra.<br>13:30 Feceval.<br>13:40 Tecnobit.<br>13:50 Turno de preguntas.<br><\/td><td><strong><em>En el sal\u00f3n de actos Juan Alcaide<\/em><\/strong><br><br>12:30 Presentaci\u00f3n mesa redonda.<br>12:40 AJE Valdepe\u00f1as.<br>12:50 Valdepe\u00f1as Comercial.<br>13:00 Leroy Merl\u00edn.<br>13:10 Serigraf Sport.<br>13:20 Paradores.<br>13:30 Felix Solis.<br>13:40 Turno de preguntas.<\/td><\/tr><\/tbody><\/table><\/figure>\n\n\n\n<p style=\"line-height:1\"><strong>14:00<\/strong> Clausura de la jornada.<\/p>\n\n\n\n<figure class=\"wp-block-image is-resized\"><img loading=\"lazy\" decoding=\"async\" src=\"https:\/\/somosdelprieto.com\/wp-content\/uploads\/2022\/05\/organizadores.png\" alt=\"La imagen tiene un atributo ALT vac\u00edo; su nombre de archivo es organizadores.png\" width=\"459\" height=\"155\" \/><\/figure>\n\n\n\n<figure class=\"wp-block-image size-large\"><img loading=\"lazy\" decoding=\"async\" width=\"770\" height=\"87\" src=\"https:\/\/somosdelprieto.com\/wp-content\/uploads\/2022\/05\/feria.png\" alt=\"\" class=\"wp-image-10639\" srcset=\"https:\/\/somosdelprieto.com\/wp-content\/uploads\/2022\/05\/feria.png 770w, https:\/\/somosdelprieto.com\/wp-content\/uploads\/2022\/05\/feria-300x34.png 300w, https:\/\/somosdelprieto.com\/wp-content\/uploads\/2022\/05\/feria-768x87.png 768w\" sizes=\"auto, (max-width: 767px) 89vw, (max-width: 1000px) 54vw, (max-width: 1071px) 543px, 580px\" \/><\/figure>\n\n\n\n<p style=\"line-height:1\"><strong><em>Jornada Talleres Profesionales: 26 de Mayo de 2022<\/em><\/strong><\/p>\n\n\n\n<p style=\"line-height:1\"><strong>08:30<\/strong> Visita guiada por los stands de la feria del alumnado de 2\u00ba y 3\u00ba de ESO del centro.<\/p>\n\n\n\n<p style=\"line-height:1\"><strong>09:25 <\/strong> Visita guiada por los stands de la feria del alumnado de 4\u00ba ESO y 1\u00ba Bachillerato del centro.<\/p>\n\n\n\n<p style=\"line-height:1\"><strong>09:30 <\/strong> Apertura de la feria al p\u00fablico en general.<\/p>\n\n\n\n<p style=\"line-height:1\"><strong>10:35 &#8211; 14:30<\/strong> Talleres profesionales<\/p>\n\n\n\n<p style=\"line-height:1\"><strong>10:35 &#8211; 11:30<\/strong><\/p>\n\n\n\n<p class=\"has-text-align-left\" style=\"line-height:1\">Taller de Reproducci\u00f3n de plantas y posibles usos en la industria.<\/p>\n\n\n\n<p class=\"has-text-align-left\" style=\"line-height:1\">Taller Elaboraci\u00f3n de Pan con Masa Madre.<\/p>\n\n\n\n<p style=\"line-height:1\"><strong>11:30 &#8211; 12:25<\/strong><\/p>\n\n\n\n<p>Taller de Cata de Aceite.<\/p>\n\n\n\n<p>Taller de Fotograf\u00eda en Instagram.<\/p>\n\n\n\n<p>Taller de Peluquer\u00eda por el IES Francisco Nieva.<\/p>\n\n\n\n<p style=\"line-height:1\"><strong>12:40 &#8211; 13:35<\/strong><\/p>\n\n\n\n<p>Taller de Hacking.<\/p>\n\n\n\n<p>Taller de Hidroimpresi\u00f3n, Diagnosis y Soldadura en realidad virtual.<\/p>\n\n\n\n<p>Taller de Crea, Calcula y L\u00e1nzalo.<\/p>\n\n\n\n<p style=\"line-height:1\"><strong>13:35 &#8211; 14:30<\/strong><\/p>\n\n\n\n<p style=\"line-height:1\">Taller de Scape Room El\u00e9ctrico.<\/p>\n\n\n\n<p style=\"line-height:1\">Taller de Gaming.<\/p>\n\n\n\n<p style=\"line-height:1\">Taller de Orientaci\u00f3n Laboral.<\/p>\n\n\n\n<p style=\"line-height:1\"><strong>14:30<\/strong> Clausura de la jornada.<\/p>\n\n\n\n<p><\/p>\n\n\n\n<figure class=\"wp-block-image size-large is-resized\"><img loading=\"lazy\" decoding=\"async\" src=\"https:\/\/somosdelprieto.com\/wp-content\/uploads\/2022\/05\/organizadores.png\" alt=\"\" class=\"wp-image-10335\" width=\"513\" height=\"173\" srcset=\"https:\/\/somosdelprieto.com\/wp-content\/uploads\/2022\/05\/organizadores.png 772w, https:\/\/somosdelprieto.com\/wp-content\/uploads\/2022\/05\/organizadores-300x102.png 300w, https:\/\/somosdelprieto.com\/wp-content\/uploads\/2022\/05\/organizadores-768x261.png 768w\" sizes=\"auto, (max-width: 513px) 100vw, 513px\" \/><\/figure>\n\n\n\n<div class=\"wp-block-group is-layout-flow wp-block-group-is-layout-flow\"><div class=\"wp-block-group__inner-container\"><\/div><\/div>\n\n\n\n<p style=\"line-height:1\"><\/p>\n","protected":false},"excerpt":{"rendered":"<p>Jornada FP Dual: 19 de Mayo de 2022 En el sal\u00f3n de actos del Edificio Principal 10:00 Recepci\u00f3n de asistentes. 10:15 Entrevista con los medios de comunicaci\u00f3n 10:30 Inauguraci\u00f3n a cargo de: D. David Espinosa Salas. Director del IES Gregorio Prieto. D. Jes\u00fas Mart\u00edn Rodr\u00edguez. Alcalde de Valdepe\u00f1as. D. Jes\u00fas Caro Sierra. Delegado Provincial de &hellip; <\/p>\n<p class=\"link-more\"><a href=\"https:\/\/somosdelprieto.com\/index.php\/programa-de-la-feria-de-fp-2022\/\" class=\"more-link\">Continuar leyendo<span class=\"screen-reader-text\"> \u00abPrograma de la Feria de FP 2022\u00bb<\/span><\/a><\/p>\n","protected":false},"author":1,"featured_media":0,"parent":0,"menu_order":0,"comment_status":"closed","ping_status":"closed","template":"","meta":{"footnotes":""},"class_list":["post-10320","page","type-page","status-publish","hentry"],"_links":{"self":[{"href":"https:\/\/somosdelprieto.com\/index.php\/wp-json\/wp\/v2\/pages\/10320","targetHints":{"allow":["GET"]}}],"collection":[{"href":"https:\/\/somosdelprieto.com\/index.php\/wp-json\/wp\/v2\/pages"}],"about":[{"href":"https:\/\/somosdelprieto.com\/index.php\/wp-json\/wp\/v2\/types\/page"}],"author":[{"embeddable":true,"href":"https:\/\/somosdelprieto.com\/index.php\/wp-json\/wp\/v2\/users\/1"}],"replies":[{"embeddable":true,"href":"https:\/\/somosdelprieto.com\/index.php\/wp-json\/wp\/v2\/comments?post=10320"}],"version-history":[{"count":12,"href":"https:\/\/somosdelprieto.com\/index.php\/wp-json\/wp\/v2\/pages\/10320\/revisions"}],"predecessor-version":[{"id":10641,"href":"https:\/\/somosdelprieto.com\/index.php\/wp-json\/wp\/v2\/pages\/10320\/revisions\/10641"}],"wp:attachment":[{"href":"https:\/\/somosdelprieto.com\/index.php\/wp-json\/wp\/v2\/media?parent=10320"}],"curies":[{"name":"wp","href":"https:\/\/api.w.org\/{rel}","templated":true}]}}